{"id":123,"date":"2020-08-11T18:17:18","date_gmt":"2020-08-11T18:17:18","guid":{"rendered":"https:\/\/cdpha.pro.br\/?page_id=123"},"modified":"2021-02-11T03:26:58","modified_gmt":"2021-02-11T06:26:58","slug":"diretorias-cdpha","status":"publish","type":"page","link":"https:\/\/cdpha.pro.br\/en\/diretorias-cdpha\/","title":{"rendered":"Diretorias"},"content":{"rendered":"<p class=\"qtranxs-available-languages-message qtranxs-available-languages-message-en\">Sorry, only available in <a href=\"https:\/\/cdpha.pro.br\/pb\/wp-json\/wp\/v2\/pages\/123\" class=\"qtranxs-available-language-link qtranxs-available-language-link-pb\" title=\"Portugu\u00eas Brasil\">Brazilian Portuguese<\/a>. For the sake of viewer convenience, the content is shown below in the alternative language. You may click the link to switch the active language.<\/p><p><br \/><strong>2020-2022<\/strong><br \/><strong>Presidente:<\/strong> Regina Helena de Freitas Campos<br \/><strong>Vice-presidentes:<\/strong><br \/>Vicente Tarley Ferreira Alves (presidente da Funda\u00e7\u00e3o Helena Antipoff a partir de 04.10.2019)<br \/>Maria do Carmo Coutinho de Moraes (Associa\u00e7\u00e3o Pestalozzi de Minas Gerais)<br \/>S\u00edlvia Maria Medeiros Magalh\u00e3es (diretora da ACORDA \u2013 Associa\u00e7\u00e3o Comunit\u00e1ria do Ros\u00e1rio)<br \/>Filomena de F\u00e1tima Silva (presidente da ADAV \u2013 Associa\u00e7\u00e3o Milton Campos para o Desenvolvimento e Assist\u00eancia a Voca\u00e7\u00f5es de Bem Dotados)<br \/><strong>Diretoria T\u00e9cnica:<\/strong><strong><br \/><\/strong>Adriana Ara\u00fajo Pereira Borges<br \/>Adriana Otoni Silva Antunes Duarte<br \/>Deolinda Armani Turci<br \/>Sergio Faleiro Farnese<br \/><strong>Diretoria Administrativa:<\/strong><strong><br \/><\/strong>Christiane Campos de Araujo<br \/>Maria das Gra\u00e7as Ferreira Coimbra<br \/>Miriam Aparecida de Brito Nonato<br \/>Raquel Martins de Assis<br \/>Renata Cruz<br \/><strong>Diretoria Financeira:<\/strong><strong><br \/><\/strong>Carlyle dos Passos Laia<br \/>Luis Fl\u00e1vio Silva Couto<br \/>Pedro Henrique Oliveira Guimar\u00e3es<br \/>Cec\u00edlia Antipoff<br \/><strong>Conselho Fiscal:<\/strong><strong><br \/>Titulares<\/strong><em><br \/><\/em>Camila Jardim de Meira<br \/>Lilian Sipoli Carneiro Ca\u00f1ete<br \/>Maria de F\u00e1tima Pio Cassemiro<br \/><strong>Suplentes<\/strong><em><br \/><\/em>Elizabeth Coutinho de Moraes<br \/>Carolina Melo<br \/>S\u00e9rgio Domingues<br \/><strong>Conselho Consultivo:<\/strong><strong><br \/><\/strong>Adriana Cl\u00e1udia Drumond<br \/>Ana Maria Milagres Belo Francisco<br \/>Andr\u00e9 Morelli<br \/>Bernard Schneuwly<br \/>Bruna Cristina da Silva Hudson<br \/>Clarice Moukachar Batista Loureiro<br \/>Deborah Ros\u00e1ria Barbosa<br \/>Esther Augusta Nunes Barbosa<br \/>Laurent Gutierrez<br \/>Marilene Proen\u00e7a Rebelo de Souza<br \/>Marina Massimi<br \/>Marina Sorokina<br \/>Natalia Masolikova<br \/>Raquel Vianna<br \/>Rita Hofstetter<br \/>Rodrigo Lopes Miranda<br \/>S\u00e9rgio Dias Cirino<br \/><strong>Coordenadoras Regionais<\/strong>:<br \/>Marilene Oliveira Almeida (Universidade do Estado de Minas Gerais\/Funda\u00e7\u00e3o Helena Antipoff)<br \/>\u00c9rika Louren\u00e7o (Departamento de Psicologia, Universidade Federal de Minas Gerais)<\/p>\n\n\n<p><strong>2018-2020<\/strong><br><strong>Presidente<\/strong>: Regina Helena de Freitas Campos<br><strong>Vice-presidentes<\/strong>:<br>Maria do Carmo Lara Perp\u00e9tuo (presidente da Funda\u00e7\u00e3o Helena Antipoff, at\u00e9 28.03.2018), <br>Wanderson de Souza Cleres (presidente da Funda\u00e7\u00e3o Helena Antipoff de 29.03.2018 a 02.10.2019)<br>Vicente Tarley Ferreira Alves (presidente da Funda\u00e7\u00e3o Helena Antipoff a partir de 04.10.2019)<br>Maria do Carmo Coutinho de Moraes (Associa\u00e7\u00e3o Pestalozzi de Minas Gerais)<br>S\u00edlvia Maria Medeiros Magalh\u00e3es (diretora da ACORDA \u2013 Associa\u00e7\u00e3o Comunit\u00e1ria do Ros\u00e1rio)<br>Filomena de F\u00e1tima Silva (presidente da ADAV \u2013 Associa\u00e7\u00e3o Milton Campos para o Desenvolvimento e Assist\u00eancia a Voca\u00e7\u00f5es de Bem Dotados)<br><strong>Diretoria T\u00e9cnica<\/strong>:<br>Adriana Ara\u00fajo Pereira Borges<br>Adriana Otoni Silva Antunes Duarte<br>Christiane Souza Martins<br>Deolinda Armani Turci<br>Miriam Aparecida de Brito Nonato<br><strong>Diretoria Administrativa<\/strong>:<br>Carlyle dos Passos Laia<br>Maria das Gra\u00e7as Ferreira Coimbra<br>Raquel Martins de Assis<br>Pedro Henrique Oliveira Guimar\u00e3es<br><strong>Diretoria Financeira<\/strong>:<br>Carla Andrea Teixeira Dias Camargos<br>Delba Teixeira Rodrigues Barros<br>Fernanda Flaviana de Souza Martins<br>Luis Fl\u00e1vio Silva Couto<br>Riviane Borghesi Bravo<br><strong>Conselho Fiscal<\/strong>:<br><strong>Titulares<\/strong><br>Cec\u00edlia Andrade Antipoff<br>Elizabeth Dias Munaier Lages <br>Maria de F\u00e1tima Pio Cassemiro<br><strong>Suplentes<\/strong><br>Elizabeth Coutinho de Moraes<br>Rita de C\u00e1ssia Vieira <br>S\u00f4nia Vieira Coelho<br><strong>Conselho Consultivo<\/strong>:<br>Ana Maria Milagres Belo Francisco<br>Adriana Cl\u00e1udia Drumond<br>Camila Jardim de Meira<br>Bruna Cristina da Silva Hudson<br>Esther Augusta Nunes Barbosa<br><strong>Coordenadoras Regionais<\/strong>:<br>Marilene Oliveira Almeida (Universidade do Estado de Minas Gerais\/Funda\u00e7\u00e3o Helena Antipoff) <br>\u00c9rika Louren\u00e7o (Departamento de Psicologia, Universidade Federal de Minas Gerais)<\/p>\n\n\n\n<p><strong>2015-2017<\/strong><br><strong>Presidente<\/strong>: Regina Helena de Freitas Campos<br><strong>Vice-presidentes:<\/strong><br>Maria do Carmo Lara Perp\u00e9tuo (Presidente da Funda\u00e7\u00e3o Helena Antipoff)<br>Maria do Carmo Coutinho de Moraes (Associa\u00e7\u00e3o Pestalozzi de Minas Gerais)<br>S\u00edlvia Maria Medeiros Magalh\u00e3es (ACORDA \u2013 Associa\u00e7\u00e3o Comunit\u00e1ria do Ros\u00e1rio)<br>Filomena de F\u00e1tima Silva (ADAV \u2013 Associa\u00e7\u00e3o Milton Campos para o Desenvolvimento e Assist\u00eancia a Voca\u00e7\u00f5es de Bem Dotados)<br><strong>Diretoria T\u00e9cnica<\/strong>:<br>Adriana Ara\u00fajo Pereira Borges<br>Adriana Otoni Silva Antunes Duarte<br>Carolline Souza Martins<br>Christiane Campos de Ara\u00fajo<br>Deolinda Armani Turci<br>Miriam Aparecida de Brito Nonato<br>Renata Pimenta Sadi<br><strong>Diretoria Administrativa<\/strong>:<br>Carlyle dos Passos Laia<br>K\u00e9therine Oliva Alencar<br>Larissa Assun\u00e7\u00e3o Rodrigues<br>Lilian Erichsen Nassif<br>Maria das Gra\u00e7as Ferreira Coimbra<br>Raquel Martins de Assis<br>Rosana Matias de Sousa<br><strong>Diretoria Financeira:<\/strong><br>Carla Andrea Teixeira Dias Camargos<br>Delba Teixeira Rodrigues Barros<br>Fernanda Flaviana de Souza Martins<br>Lu\u00eds Fl\u00e1vio Silva Couto<br>Riviane Borghesi Bravo<br><strong>Conselho Fiscal:<\/strong><br><strong>Titulares<\/strong><br>Cec\u00edlia Andrade Antipoff<br>Elizabeth Dias Munaier Lages<br>Maria de F\u00e1tima Pio Cassemiro<br><strong>Suplentes<\/strong><br>Elizabeth Coutinho de Moraes<br>Rita de C\u00e1ssia Vieira<br>S\u00f4nia Vieira Coelho<br><strong>Conselho Consultivo:<\/strong><br>Adriana Cl\u00e1udia Drumond<br>Ana Maria Milagres Belo Francisco<br>An\u00e1lia das Gra\u00e7as GandiniPontelo<br>Camila Jardim de Meira<br>Clarice Moukachar Batista Loureiro<br>Cleuza Gl\u00f3ria de F\u00e1tima Amorim de Oliveira<br>Lilian Sipoli Carneiro Ca\u00f1ete<br>Ricardo Jos\u00e9 Miranda<br>Rodrigo Lopes Miranda<br>Romilda Oliveira Alves<br>S\u00e9rgio Dias Cirino<br>S\u00e9rgio Domingues<br>S\u00e9rgio Farnese<br>Wellington Mar\u00e7al de Carvalho<br><strong>Coordenadores regionais:<\/strong><br>Marilene Oliveira Almeida (Funda\u00e7\u00e3o Helena Antipoff)<br>\u00c9rika Louren\u00e7o (UFMG)<br>Raquel Assis (UFMG)<br>Adriana Borges (UFMG)<br>Demetreos Navaes Neves (ADAV)<\/p>\n\n\n\n<p><strong>2013-2015<\/strong><br><strong>Presidente:<\/strong> Regina Helena de Freitas Campos<br><strong>Vice-presidentes:<\/strong><br>Irene de Melo Pinheiro (Funda\u00e7\u00e3o Helena Antipoff)<br>Maria do Carmo Coutinho de Moraes (Sociedade Pestalozzi)<br>S\u00edlvia Maria Medeiros Magalh\u00e3es (ACORDA)<br>Filomena de F\u00e1tima Silva (ADAV)<br><strong>Diretoria T\u00e9cnica:<\/strong><br>Adriana Ara\u00fajo Pereira Borges<br>Deolinda Armani Turci<br>Romilda Oliveira Alves<br>S\u00e9rgio Dias Cirino<br>Taciana Braga Souza<br><strong>Diretoria Administrativa:<\/strong><br>Amanda Tolomelli Brescia<br>Larissa Assun\u00e7\u00e3o Rodrigues<br>Maria das Gra\u00e7as Ferreira Coimbra<br>Marilene Oliveira Almeida<br>Raquel Martins de Assis<br><strong>Diretoria Financeira:<\/strong><br>C\u00e9sar Rota J\u00fanior<br>Delba Teixeira Rodrigues Bastos<br>Doralice Almeida Campos de Ara\u00fajo<br>Fernanda Flaviana de Souza Martins<br><strong>Conselho Fiscal:<br>Efetivos<\/strong><br>Cec\u00edlia Andrade Antipoff<br>S\u00f4nia Vieira Coelho<br><strong>Suplente<\/strong><br>Elizabeth Coutinho de Moraes<br>Elizabeth Munaier Lages<br><strong>Conselho Consultivo:<\/strong><br>A\u00edda Linhares Barbosa<br>Clarice Loureiro<br>Eust\u00e1quio Souza J\u00fanior<br>Ianna Oliveira Pereira<br>Merie Bitar Moukachar<br>Rodrigo Lopes Miranda<br>S\u00e9rgio Domingues<br>S\u00e9rgio Faleiro Farnese<br><strong>Coordenadores regionais:<\/strong><br>Doralice de Almeida Campos (Funda\u00e7\u00e3o Helena Antipoff)<br>\u00c9rika Louren\u00e7o (UFMG)<\/p>\n\n\n\n<p><strong>2011-2013<\/strong><br><strong>Presidente de honra<\/strong>: Ott\u00edlia Braga Antipoff<br><strong>Presidente<\/strong>: Regina Helena de Freitas Campos<br><strong>Vice-presidentes<\/strong>:<br>Irene de Melo Pinheiro (Funda\u00e7\u00e3o Helena Antipoff)<br>Maria do Carmo Coutinho de Moraes (Associa\u00e7\u00e3o Pestalozzi de Minas Gerais)<br>S\u00edlvia Maria Medeiros Magalh\u00e3es (ACORDA \u2013 Associa\u00e7\u00e3o Comunit\u00e1ria do Ros\u00e1rio)<br>Filomena de F\u00e1tima Silva (ADAV \u2013 Associa\u00e7\u00e3o Milton Campos para o Desenvolvimento e Assist\u00eancia a Voca\u00e7\u00f5es de Bem Dotados)<br><strong>Diretoria t\u00e9cnica<\/strong>:<br>Adriana Ara\u00fajo Pereira Borges<br>Alzira Maria Quiroga Mendoza<br>Romilda Oliveira Alves<br>Priscila Augusta Lima<br>Taciana Braga Souza<br>S\u00e9rgio Dias Cirino<br><strong>Diretoria administrativa<\/strong>:<br>\u00c9rika Louren\u00e7o<br>Maria das Gra\u00e7as Ferreira Coimbra<br>Marilene Oliveira Almeida<br><strong>Diretoria financeira:<\/strong><br>Doralice Almeida Campos<br>Fernanda Flaviana de Souza Martins<br>Maria das Gra\u00e7as Silva Teixeira<br><strong>Conselho fiscal<\/strong>:<br><strong>Titulares<\/strong><br>Cec\u00edlia Andrade Antipoff<br>Maria Mello Garcia<br>S\u00f4nia Vieira Coelho<br><strong>Suplentes<\/strong><br>Elizabeth Coutinho de Moraes<br>Elizabeth Munaier Lages<br><strong>Conselho consultivo:<\/strong><br>Maria do Carmo Coutinho de Morais<br>Magda Salete Silva Reis<br>Rita de C\u00e1ssia Vieira<br>S\u00e9rgio Domingues<br>S\u00e9rgio Faleiro Farnese<br><strong>Coordenadores regionais<\/strong>:<br>Olinda Terezinha da Silva Caetano (Funda\u00e7\u00e3o Helena Antipoff) <br>Raquel Martins de Assis (Universidade Federal de Minas Gerais)<\/p>\n\n\n\n<p><strong>2009-2011<\/strong><br><strong>Presidente de Honra: <\/strong>Ott\u00edlia Braga Antipoff<br><strong>Presidente: <\/strong>Regina Helena de Freitas Campos<br><strong>Vice-presidentes<\/strong>:<br>Irene de Melo Pinheiro (Funda\u00e7\u00e3o Helena Antipoff)<br>Celso Furtado de Azevedo (Associa\u00e7\u00e3o Pestalozzi de Minas Gerais)<br>Demetreos Navaes Naves (ADAV)<br>Leda Maris da Costa (ACORDA)<br><strong>Diretoria T\u00e9cnica<\/strong>:<br>Adriana Ara\u00fajo Pereira Borges<br>Alzira Maria Quiroga Mendoza<br>Maria Therezinha Nunes<br>Priscila Augusta Lima<br>S\u00e9rgio Dias Cirino<br><strong>Diretoria Administrativa<\/strong>:<br>\u00c9rika Louren\u00e7o<br>Rog\u00e9rio de Alvarenga<br><strong>Diretoria Financeira<\/strong>:<br>Doralice Almeida Campos de Ara\u00fajo<br>Ernani Henrique Fazzi<br>Maria das Gra\u00e7as Silva Teixeira<br><strong>Conselho Fiscal<\/strong>:<br><strong>Titulares<\/strong><br>\u00c2ngelo Filomeno Palhares Leite<br>Cec\u00edlia Andrade Antipoff<br>Maria Melo Garcia <br><strong>Suplentes<\/strong><br>Elizabeth Coutinho de Moraes<br>Elizabeth Dias Munaier Lages<br><strong>Conselho Consultivo<\/strong>:<br>Adilson Dumont<br>Maria do Carmo Coutinho de Moraes<br>Magda Salete Silva Reis<br>Regina C\u00e9lia Pereira Campos<br>S\u00e9rgio Domingues<br>Neide de Oliveira Magalh\u00e3es<br>S\u00e9rgio Faleiro Farnese<br><strong>Coordenadores Regionais<\/strong><br>Olinda Terezinha da Silva Caetano (Funda\u00e7\u00e3o Helena Antipoff)<br>Raquel Martins de Assis (Universidade Federal de Minas Gerais)<\/p>\n\n\n\n<p><strong>2007-2009<\/strong><br><strong>Presidente de honra: <\/strong>Ott\u00edlia Braga Antipoff<br><strong>Presidente:<\/strong> Regina Helena de Freitas Campos<br><strong>Vice-presidentes:<\/strong><br>Irene de Melo Pinheiro (Funda\u00e7\u00e3o Helena Antipoff)<br>L\u00facio Assump\u00e7\u00e3o (Sociedade Pestalozzi)<br>Leda Maria da Costa (ACORDA)<br>Demetreos Navaes Neves (ADAV)<br><strong>Diretoria T\u00e9cnica:<\/strong><br>Maria Therezinha Nunes<br>Priscila Augusta Lima<br>S\u00e9rgio Dias Cirino<br>Terezinha Andrade<br>Diretoria Administrativa:<br>\u00c9rika Louren\u00e7o<br>Rog\u00e9rio Alvarenga<br><strong>Diretoria Financeira:<\/strong><br>Doralice Almeida Campos de Ara\u00fajo<br>Ernani Henrique Fazzi<br>Maria das Gra\u00e7as Teixeira<br><strong>Conselho Fiscal:<br>Efetivos<\/strong><br>Jacqueline Rodrigues de Oliveira<br>Maria do Carmo Coutinho de Moraes<br>Maria Melo<br><strong>Suplente<\/strong><br>Elizabeth Coutinho de Moraes<br>Elizabeth Munaier<br><strong>Conselho Consultivo:<br>Efetivos<\/strong><br>Adilson Dumont<br>Maria Auxiliadora Galinari Nascimento<br>M\u00e1rio L\u00facio Moreira<br>Regina C\u00e9lia Pereira Campos<br>S\u00e9rgio Domingues<br>S\u00e9rgio Faleiro Farnese<br><strong>Coordenadores regionais:<\/strong><br>Olinda Terezinha da Silva Caetano (Funda\u00e7\u00e3o Helena Antipoff)<br>Raquel Martins de Assis (UFMG)<\/p>\n\n\n\n<p><strong>2005-2007<br>Presidente de honra:<\/strong> Ott\u00edlia Braga Antipoff<br><strong>Presidente<\/strong>: Regina Helena de Freitas Campos<br><strong>Vice-presidentes:<\/strong><br>Irene de Melo Pinheiro (Funda\u00e7\u00e3o Helena Antipoff)<br>L\u00facio Assump\u00e7\u00e3o (Sociedade Pestalozzi)<br>Demetreos Navaes Neves (ADAV)<br>Maria Carmem Ximenes (ACORDA)<br><strong>Diretoria T\u00e9cnica:<\/strong><br>Maria Therezinha Nunes<br>Priscila Augusta Lima<br>S\u00e9rgio Dias Cirino<br>Terezinha Andrade<br><strong>Diretoria Administrativa:<\/strong><br>Denise Maria Nepomuceno<br>\u00c9rika Louren\u00e7o<br>Olinda Terezinha da Silva Caetano<br>Rog\u00e9rio Alvarenga<br><strong>Diretoria Financeira:<\/strong><br>Doralice Almeida Campos de Ara\u00fajo<br>Ernani Henrique Fazzi<br>Maria das Gra\u00e7as Teixeira<br><strong>Conselho Fiscal:<br>Efetivos<\/strong><br>Jacqueline Rodrigues de Oliveira<br>Maria do Carmo Coutinho de Moraes<br>Maria Melo<br><strong>Suplente<\/strong><br>Elizabeth Coutinho de Moraes<br>Elizabeth Munaier<br><strong>Conselho Consultivo:<\/strong><br>Adilson Dumont<br>Maria Auxiliadora Galinari Nascimento<br>M\u00e1rio L\u00facio Moreira<br>Regina C\u00e9lia Pereira Campos<br>S\u00e9rgio Domingues<br>S\u00e9rgio Faleiro Farnese<br><strong>Coordenadores regionais:<\/strong><br>Lenita de Ara\u00fajo Chaves (Funda\u00e7\u00e3o Helena Antipoff)<br>Raquel Martins de Assis (UFMG)<\/p>\n\n\n\n<p><strong>2002-2004<br>Presidente de honra:<\/strong> Daniel Antipoff<br>P<strong>residente: <\/strong>Regina Helena de Freitas Campos<br><strong>Vice-presidentes:<\/strong><br>L\u00facia Assump\u00e7\u00e3o (Sociedade Pestalozzi)<br>Irene de Melo Pinheiro (Funda\u00e7\u00e3o Helena Antipoff)<br>Marcelo Campos (ACORDA)<br>Waldemar Servilha (ADAV)<br><strong>Diretoria T\u00e9cnica:<\/strong><br>Ott\u00edlia Braga Antipoff<br>S\u00e9rgio Dias Cirino<br>Terezinha Andrade<br><strong>Diretoria Administrativa:<\/strong><br>Carla Andrea Teixeira Dias Camargo<br>Denise Maria Nepomuceno<br>\u00c9rika Louren\u00e7o<br>Rog\u00e9rio Alvarenga<br><strong>Diretoria Financeira:<\/strong><br>Doralice Almeida Campos de Ara\u00fajo<br>Ernani Henrique Fazzi<br>Teresinha Nunes<br><strong>Conselho Fiscal:<\/strong><br><strong>Efetivos<\/strong><br>Jacqueline Rodrigues de Oliveira<br>Maria do Carmo Coutinho de Moraes<br>Maria Melo<br><strong>Suplentes<\/strong><br>Leda Maria da Costa<br>Elizabeth Coutinho de Moraes<br>Elizabeth Munaier<br><strong>Conselho Consultivo:<br>Efetivos<\/strong><br>Adilson Dumont<br>Maria das Gra\u00e7as Teixeira<br>M\u00e1rio L\u00facio Moreira<br>S\u00e9rgio Faleiro Farnese<br><strong>Suplentes<\/strong><br>Edson Luiz de Oliveira Preto<br>Emerson Barbosa de Arruda<br>Maria Auxiliadora Galinari Nascimento<br>Raquel Godoi Malta<br><strong>Coordenadores regionais:<\/strong><br>Lenita de Ara\u00fajo Chaves (Funda\u00e7\u00e3o Helena Antipoff)<br>Raquel Martins de Assis (UFMG)<\/p>\n\n\n\n<p><strong>2000-2002<br>Presidente de honra:<\/strong> Daniel Antipoff<br>Presidente: Regina Helena de Freitas Campos<br><strong>Vice-presidentes:<\/strong><br>Romeu Bastos Braga<br>Irene de Melo Pinheiro<br><strong>Diretoria T\u00e9cnica:<\/strong><br>Ott\u00edlia Braga Antipoff<br>Elza Kremilda Abranches Batista<br>C\u00e9sar Quint\u00e3o Fr\u00f3es<br><strong>Diretoria Administrativa:<\/strong><br>Rog\u00e9rio Alvarenga<br>\u00c9rika Louren\u00e7o<br>Lenita de Ara\u00fajo Chaves<br><strong>Diretoria Financeira:<\/strong><br>Jos\u00e9 Pimentel Barbosa<br>Benedita de Paula Rodrigues<br>Jos\u00e9 Martins de Morais<br><strong>Conselho Fiscal:<\/strong><br><strong>Efetivos<\/strong><br>Tarc[isio de Paula Cardoso<br>Maira Armanelli<br>Elza de Moura<br><strong>Suplentes<\/strong><br>\u00c2ngela Crosara<br>Ala\u00edde de Melo Tibo<br>Arlete Vieira Machado Rocha<br>Conselho Consultivo:<br><strong>Efetivos<\/strong><br>Juliana Gontijo Aun<br>Farley da Silva Santana<br>Maria Auxiliadora Nascimento<br><strong>Suplentes<\/strong><br>S\u00e9rgio Faleiro Farnese<br>Ely \u00c1vila<br>Jo\u00e3o Rodrigues de Andrade<br>Eunice de Souza Lima Puhler<\/p>\n\n\n\n<p><strong>1998-2000<\/strong><br><strong>Presidente: <\/strong>Daniel Antipoff<br><strong>Vice-presidentes:<\/strong><br>Romeu Bastos Braga (Sociedade Pestalozzi)<br>Marilene de Castro Andr\u00e9 Reis (Funda\u00e7\u00e3o Helena Antipoff)<br>H\u00e9lio Dur\u00e3es de Alkimin (ADAV \u2013 Associa\u00e7\u00e3o Milton Campos para Superdotados)<br>Ott\u00edlia Braga Antipoff (ABSD-MG \u2013 Associa\u00e7\u00e3o Brasileira para Super Dotados)<br><strong>Diretoria T\u00e9cnica:<\/strong><br>Regina Helena de Freitas Campos<br>Zenita Cunha Guenter<br>Tarc\u00edsio de Paula Cardoso<br><strong>Diretoria Administrativa:<\/strong><br>Rog\u00e9rio de Alvarenga<br>Olga Coelho Ullmann<br>Ivone Cabral<br><strong>Diretoria Financeira:<\/strong><br>Benedita de Paula Rodrigues<br>Elza de Moura<br>Vicente de Paula Torres<br><strong>Conselho Consultivo:<\/strong><br>Maria do Carmo Coutinho de Moraes<br>Helena Dias Carneiro<br>Elza Kriemilda A. Batista<br>Sarah Couto C\u00e9sar<br>S\u00e9rgio Faleiro Farnese<br>Simone Fomm Rivera<br>Hede Maria de Carvalho Pinto Coelho<br>Francisco dos Santos Lopes<br>Maria Therezinha Guerra<br>Eunice de Souza Puhler<br>In\u00eas Maria Lima<br><strong>Conselho Fiscal:<\/strong><br><strong>Titulares<\/strong><br>Jos\u00e9 Martins de Moraes<br>Jos\u00e9 Pimentel Barbosa<br>Elzio Fonseca Dolabela<br><strong>Suplentes<\/strong><br>Arist\u00f3teles \u00c1vila<br>Ala\u00edde de Melo Tibo<br>Esmeralda Concei\u00e7\u00e3o de Oliveira<\/p>\n\n\n\n<p><strong>1996-1998<br>Presidente:<\/strong> Daniel Antipoff<br><strong>Vice-presidentes:<\/strong><br>Romeu Bastos Braga (Sociedade Pestalozzi)<br>Marilene de Castro Andr\u00e9 Reis (Funda\u00e7\u00e3o Helena Antipoff)<br>H\u00e9lio Dur\u00e3es de Alkimin (ADAV)<br>Ott\u00edlia Braga Antipoff (ABSD-MG)<br><strong>Diretoria T\u00e9cnica:<\/strong><br>Regina Helena de Freitas Campos<br>Zenita Cunha Guenter<br>Tarc\u00edsio de Paula Cardoso<br><strong>Diretoria Administrativa:<\/strong><br>Rog\u00e9rio de Alvarenga<br>Olga Coelho Ullmann<br>Ivone Cabral<br><strong>Diretoria Financeira:<\/strong><br>Benedita de Paula Rodrigues<br>Elza de Moura<br>Vicente de Paula Torres<br><strong>Conselho Consultivo:<\/strong><br>Maria do Carmo Coutinho de Moraes<br>Helena Dias Carneiro<br>Elza Kriemilda A. Batista<br>Sarah Couto C\u00e9sar<br>S\u00e9rgio Faleiro Farnese<br>Simone Fomm Rivera<br>Hede Maria de Carvalho Pinto Coelho<br>Francisco dos Santos Lopes<br>Maria Therezinha Guerra<br>Eunice de Souza Puhler<br>In\u00eas Maria Lima<br><strong>Conselho Fiscal:<br>Titulares<\/strong><br>Jos\u00e9 Martins de Moraes<br>Jos\u00e9 Pimentel Barbosa<br>Elzio Fonseca Dolabela<br><strong>Suplentes<\/strong><br>Arist\u00f3teles \u00c1vila<br>Ala\u00edde de Melo Tibo<br>Esmeralda Concei\u00e7\u00e3o de Oliveira<\/p>\n\n\n\n<p><strong>1994-1996<\/strong><br><strong>Presidente de Honra<\/strong>: Jo\u00e3o Franzen de Lima<br><strong>Presidente<\/strong>: Daniel Antipoff<br><strong>Vice-presidentes<\/strong>:<br>H\u00e9lio Alkimin<br>Jo\u00e3o Rodrigues<br>Marilene Andr\u00e9 de Castro Reis<br>Ol\u00edvia Pereira<br>Sagy Machado Cury<br><strong>Diretoria T\u00e9cnica<\/strong>:<br>Ott\u00edlia Braga Antipoff<br>Maria In\u00eas Salgado de Souza<br>Regina Helena de Freitas Campos<br><strong>Diretoria Administrativa<\/strong>:<br>Maria Therezinha Guerra<br>Benedita de Paula Rodrigues<br>In\u00eas Maria Lima<br><strong>Diretoria Financeira<\/strong>:<br>Ondina Carvalho<br>Tarc\u00edsio de Paula Cardoso<br>Zuleica da Silva<br><strong>Conselho Fiscal<\/strong>:<br><strong>Titulares<\/strong><br>Arist\u00f3teles \u00c1vila<br>Ivone Cabral<br>Fraussi Hetti<br><strong>Suplentes<\/strong><br>Francisco Lopes<br>Ivan Vianna<br>Vicentina de Carvalho<br><strong>Conselho Consultivo<\/strong><br><strong>Rio de Janeiro<\/strong>: <br>Celso Gon\u00e7alves da Rocha<br>Esmeralda da Concei\u00e7\u00e3o Oliveira<br>Gast\u00e3o Ant\u00f4nio Cosatti<br>Lizair de Moraes Guarino<br>Zo\u00e9 Noronha Chagas Freitas<br>Sarah Couto C\u00e9sar<br><strong>Minas Gerais: <\/strong><br>Elza Kriemilda Batista<br>Hede de Carvalho Pinto Coelho<br>Elza de Moura<br>Juliana Gontijo Aun<br>Maria Alves Teixeira<br>Maria de F\u00e1tima Pio Cassemiro<br>Maria do Carmo Coutinho<br>Rosely Carlos Augusto<br>S\u00e9rgio Farnese<br>Vicente de Oliveira Torres<br>Olga Coelho Ullmann<br>Zenita Cunha Guenter<\/p>\n\n\n\n<p><strong>1992-1994<\/strong><br><strong>Presidente<\/strong>: Daniel Antipoff<br><strong>Vice-presidentes<\/strong>: <br>Sagy Machado Cury (Sociedade Pestalozzi de Minas Gerais)<br>Ol\u00edvia da Silva Pereira (Sociedade Pestalozzi do Brasil)<br>Sandoval Soares de Azevedo Filho<br>Jo\u00e3o Rodrigues de Andrade<br>Fernando L. Ferreira<br><strong>Diretoria T\u00e9cnica<\/strong>: <br>Ott\u00edlia Braga Antipoff<br>H\u00e9lio Dur\u00e3es Alkimin<br>Elza Kriemilda Abranches Batista<br><strong>Diretoria Administrativa<\/strong>: <br>Elza de Moura<br>Tarc\u00edsio Cardoso<br>Leda Maria Costa<br><strong>Diretoria Financeira<\/strong>:<br>Ana Maria Marinho Pinto<br>Elzio Dolabela<br>Ivone Cabral<br><strong>Conselho Fiscal<\/strong>:<br><strong>Titulares<\/strong><br>Olga Coelho Ullmann<br>Benedita de Paula Rodrigues<br>Maria Therezinha Guerra<br><strong>Suplentes<\/strong><br>Benedita Antunes Emmermacher<br>Maria Alves Teixeira<br>Arlete Vieira Machado<\/p>\n\n\n\n<p><strong>1990-1992<\/strong><br><strong>Presidente<\/strong>: Daniel Antipoff<br><strong>Vice-presidentes<\/strong>:<br>Sagy Machado Cury<br>Ol\u00edvia da Silva Pereira<br>Sandoval Soares de Azevedo Filho<br>Jo\u00e3o Rodrigues de Andrade<br>Fernando L. Ferreira<br><strong>Diretoria T\u00e9cnica<\/strong>:<br>Ott\u00edlia Braga Antipoff<br>H\u00e9lio Dur\u00e3es Alkimin<br>Elza Kriemilda Abranches Batista<br><strong>Diretoria Administrativa<\/strong>:<br>Elza de Moura<br>Tarc\u00edsio Cardoso<br>Leda Maria Costa<br><strong>Diretoria Financeira<\/strong>:<br>Ana Maria Marinho Pinto<br>Elzio Dolabela<br>Ivone Cabral<br><strong>Conselho Fiscal<\/strong>:<br><strong>Titulares<\/strong><br>Olga Coelho Ullmann<br>Benedita de Paula Rodrigues<br>Maria Therezinha Guerra<br><strong>Suplentes<\/strong><br>Benedita Antunes Emmermacher<br>Maria Alves Teixeira<br>Arlete Vieira Machado<\/p>\n\n\n\n<p><strong>1989-1990<br>Presidente de Honra:<\/strong> Maria L\u00facia Cardoso<br><strong>Presidente<\/strong>: Daniel Antipoff<br><strong>Vice-presidentes:<\/strong><br>Wilson Chaves<br>Sagy Machado Curi<br>Jo\u00e3o Rodrigues de Andrade<br>Helena Dias Carneiro<br><strong>Diretoria T\u00e9cnica:<\/strong><br>H\u00e9lio Dur\u00e3es de Alkimin<br>Ott\u00edlia Braga Antipoff<br>Elza Kriemilda Abranches Batista<br><strong>Diretoria Administrativa:<\/strong><br>Elza de Moura<br>\u00c9lzio Dolabela<br>Tarc\u00edsio Cardoso<br><strong>Diretoria Financeira:<\/strong><br>Ana Maria Marinho Pinto<br>Leda Maria da Costa<br>Ivone Cabral<br><strong>Coordenadoria Regional do Rio de Janeiro:<\/strong><br>Ol\u00edvia da Silva Pereira<br><strong>Conselho Fiscal:<\/strong><br><strong>Titulares<\/strong><br>Ivan Martins Vianna<br>Olga Coelho Ullmann<br>Benedita Antunes Emmermacher<br><strong>Suplentes<\/strong><br>Arlete Vieira Machado<br>Maria Alves Teixeira<br>Bernadete Mendes Capelle<\/p>\n\n\n\n<p><strong>1987-1988<br>Presidente:<\/strong> Daniel Antipoff<br><strong>Vice-presidente:<\/strong><br>Irene de Melo Pinheiro (Funda\u00e7\u00e3o Helena Antipoff)<br><strong>Diretoria T\u00e9cnica:<\/strong><br>H\u00e9lio Alkimin<br>Ott\u00edlia Braga Antipoff<br>Elza Kriemilda Batista<br><strong>Diretoria Administrativa:<\/strong><br>Maria Terezinha Guerra<br>Benedita de Paula Rodrigues<br>Elza de Moura<br><strong>Diretoria Financeira:<\/strong><br>Ana Maria Marinho Pinto<br>Leda Maria da Costa<br>Arlete Vieira Rocha<br>Ivone Cabral<br><strong>Coordenadoria Regional do Rio de Janeiro:<\/strong><br>Helena Dias Carneiro<br>Wanda Pires de S\u00e1<\/p>\n\n\n\n<p><strong>1985-1986<br>Presidente:<\/strong> Daniel Antipoff<br><strong>Vice-presidente:<\/strong> Irene de Melo Pinheiro (Funda\u00e7\u00e3o Helena Antipoff)<br><strong>Diretoria T\u00e9cnica:<\/strong><br>H\u00e9lio Alkimin<br>Ott\u00edlia Braga Antipoff<br>Elza Kriemilda Batista<br><strong>Diretoria Administrativa:<\/strong><br>Maria Terezinha Guerra<br>Benedita de Paula Rodrigues<br>Elza de Moura<br><strong>Diretoria Financeira:<\/strong><br>Ana Maria Marinho Pinto<br>Leda Maria da Costa<br>Arlete Vieira Rocha<br>Ivone Cabral<br><strong>Coordenadoria Regional do Rio de Janeiro:<\/strong><br>Helena Dias Carneiro<br>Wanda Pires de S\u00e1<\/p>\n\n\n\n<p><strong>1983-1984<\/strong><br><strong>Presidente de Honra:<\/strong> Helena Antipoff <em>(in memorian<\/em>)<br><strong>Presidente:<\/strong> Daniel Antipoff<br><strong>Vice-presidentes:<\/strong><br>Irene de Melo Pinheiro (Funda\u00e7\u00e3o Helena Antipoff)<br>Archimedes Pereira Guimar\u00e3es<br>Ruy de Castro Magalh\u00e3es<br>Bernardete Mendes Capelle<br>Luiz G. Januzzi<br><strong>Diretoria T\u00e9cnica:<\/strong><br>H\u00e9lio Duraes de Alkimin<br>Ott\u00edlia Braga Antipoff<br>Elza Kriemilda A. Batista<br><strong>Diretoria Administrativa:<\/strong><br>Maria Therezinha Guerra<br>Benedita de Paula Rodrigues<br>Elza de Moura<br><strong>Diretoria Financeira:<\/strong><br>Arlete Vieira Machado Rocha<br>Jos\u00e9 Martins de Moraes<br>Leda Maria da Costa<br><strong>Coordenadorias T\u00e9cnicas Regionais:<\/strong><br>Rio de Janeiro: Helena Dias Carneiro<br>S\u00e3o Paulo: Renata Rocha Arag\u00e3o Silveira<br>Bahia: Elizabeth Chaves Velloso<br>Rio Grande do Sul: Jurema Lopes<br>Paran\u00e1: Maria de Lourdes Canziani<br>Bras\u00edlia: L\u00facia Alencastro Valentim<br><strong>Conselho Fiscal:<\/strong><br><strong>Titulares<\/strong><br>Agnelo Correa Vianna<br>Ivan Martins Viana<br>Maria do Carmo Coutinho <br><strong>Suplentes<\/strong><br>Aurea Nardelli<br>Benedita Gomes Emmermacher<br>Maria Augusta Cunha Francisco<br><strong>Conselho Consultivo:<\/strong><br>Lizair Guerreiro<br>Ademar Carvalho Barbosa<br>Ala\u00edde Lisboa de Oliveira<br>Augusto Rodrigues<br>Elisa Dias Veloso<br>Esmeralda C. de Oliveira<br>Halley Alves Bessa<br>H\u00e9lio de Almeida Brum<br>Irene Lustosa<br>Ivone Cabral<br>Jo\u00e3o Franzen de Lima<br>Jos\u00e9 de Alencar Rogedo<br>Lea Valverde<br>Leopoldina Netto<br>Manoel Jos\u00e9 de Almeida<br>Nirce da Silva Martins<br>Olga Coelho Ullmann<br>Ol\u00edvia da Silva Pereira<br>Rosza Vel Zoladz<br>Sarah Couto Cesar<br>Simone Fomm Rivera<br>Vicente Torres<br>Virginia Valli<br>Zenita Cunha Guenther<br>Zoe Chagas Freitas<\/p>\n\n\n\n<p><strong>1980-1981<\/strong><br><strong>S\u00f3cios Fundadores do CDPHA (25\/03\/1980)<\/strong><br><strong>Presidente de Honra:<\/strong> <br>Sra. Latife Haddad dos Santos<br>Sra. Zo\u00e9 Noronha Chagas Freitas<br><strong>Presidente:<\/strong>Daniel I. Antipoff<br><strong>Vice-presidentes:<\/strong><br>Dr. Jo\u00e3o Franzen de Lima<br>Dr. Jos\u00e9 de Alencar Rogedo<br>Dr. Ademar de Carvalho Barbosa<br>Prof.<sup>a<\/sup> Maria Bernardete Mendes Capelli<br>D. Cordelia de Moraes Vital<br><strong>Diretoria T\u00e9cnica<\/strong>:<br>Prof.<sup>a<\/sup> Ottilia Braga Antipoff<br>Dr. Helio Dur\u00e3es de Alkimim<br>Prof.<sup>a <\/sup>Irene de Melo Pinheiro<br><strong>Diretoria Administrativa<\/strong>:<br>Prof.<sup>a <\/sup>Maria Terezinha Guerra<br>Prof.<sup>a<\/sup> Elza de Moura<br>Prof.<sup>a<\/sup> Benedita de Paula Rodrigues<br><strong>Diretoria Financeira<\/strong>:<br>Prof.<sup>a<\/sup> Benedita de Paula Rodrigues<br>Sr. Jos\u00e9 Martins de Moraes<br>Prof.<sup>a<\/sup> Ivone Cabral<br><strong>Coordenadorias T\u00e9cnicas Regionais:<\/strong><br>Prof.<sup>a<\/sup> Helena Dias Carneiro<br>Prof.<sup>a<\/sup> Renata Rocha Arag\u00e3o Silveira<br>Prof.<sup>a<\/sup> Jurema Lopes<br>Prof.<sup>a<\/sup> L\u00facia Alencastro Valentim<br>Prof.<sup>a<\/sup> Elizabeth Chaves Velloso<br><strong>Conselho Fiscal:<\/strong><br><strong>Titulares<\/strong><br>Dr. Paulo Campos Guimar\u00e3es<br>Prof.<sup>a<\/sup> Benedita Gomes Emmermacher<br>Prof.<sup>a<\/sup> Aurea Nardelli <br><strong>Suplentes<\/strong><br>Prof.<sup>a<\/sup> Maria do Carmo Coutinho de Moraes<br>Sra. Maria Gomes de Almeida<br>Prof.<sup>a <\/sup>Delzita Dias<br><strong>Conselho Consultivo:<\/strong><br>Prof.<sup>a<\/sup> Lizair Guarino Guerrero (Presidente)<br>Arlinda Correa Lima<br>Arquimedes Pereira Guimar\u00e3es<br>Augusto Rodrigues<br>Elisa Dias Veloso<br>Elza Kriemilda Batista<br>Esmeralda C. de Oliveira<br>Ester Fran\u00e7a<br>Halley Alves Bessa<br>Helio de Almeida Brum<br>Irene Lustosa<br>Lea Valverde<br>Leopoldina Neto<br>Magda Pimenta<br>Maria Alves Teixeira<br>Nirce da Silva Martins<br>Olga Coelho Ullmann<br>Ol\u00edvia Pereira<br>Pierre G. Weil<br>Rosza Vel Zoladz<br>Sarah Couto Cesar<br>Silvanio Jos\u00e9 de Ara\u00fajo<br>Simone Fomm Rivera<br>Vicente Torres<br>Virgilio Costa<br>Virginia Souza Netto<br>Zenita Cunha Guenther<\/p>\n\n\n<p><\/p>","protected":false},"excerpt":{"rendered":"<p>Sorry, only available in Brazilian Portuguese. For the sake of viewer convenience, the content is shown below in the alternative language. You may click the link to switch the active language.2020-2022Presidente: Regina Helena de Freitas CamposVice-presidentes:Vicente Tarley Ferreira Alves (presidente da Funda\u00e7\u00e3o Helena Antipoff a partir de 04.10.2019)Maria do Carmo Coutinho de Moraes (Associa\u00e7\u00e3o Pestalozzi&hellip;&nbsp;<a href=\"https:\/\/cdpha.pro.br\/en\/diretorias-cdpha\/\" class=\"\" rel=\"bookmark\">Read More &raquo;<span class=\"screen-reader-text\">Diretorias<\/span><\/a><\/p>\n","protected":false},"author":3,"featured_media":0,"parent":0,"menu_order":0,"comment_status":"closed","ping_status":"closed","template":"","meta":{"neve_meta_sidebar":"","neve_meta_container":"","neve_meta_enable_content_width":"","neve_meta_content_width":0,"neve_meta_title_alignment":"","neve_meta_author_avatar":"","neve_post_elements_order":"","neve_meta_disable_header":"","neve_meta_disable_footer":"","neve_meta_disable_title":""},"_links":{"self":[{"href":"https:\/\/cdpha.pro.br\/en\/wp-json\/wp\/v2\/pages\/123"}],"collection":[{"href":"https:\/\/cdpha.pro.br\/en\/wp-json\/wp\/v2\/pages"}],"about":[{"href":"https:\/\/cdpha.pro.br\/en\/wp-json\/wp\/v2\/types\/page"}],"author":[{"embeddable":true,"href":"https:\/\/cdpha.pro.br\/en\/wp-json\/wp\/v2\/users\/3"}],"replies":[{"embeddable":true,"href":"https:\/\/cdpha.pro.br\/en\/wp-json\/wp\/v2\/comments?post=123"}],"version-history":[{"count":10,"href":"https:\/\/cdpha.pro.br\/en\/wp-json\/wp\/v2\/pages\/123\/revisions"}],"predecessor-version":[{"id":1253,"href":"https:\/\/cdpha.pro.br\/en\/wp-json\/wp\/v2\/pages\/123\/revisions\/1253"}],"wp:attachment":[{"href":"https:\/\/cdpha.pro.br\/en\/wp-json\/wp\/v2\/media?parent=123"}],"curies":[{"name":"wp","href":"https:\/\/api.w.org\/{rel}","templated":true}]}}