{"id":1235,"date":"2021-02-11T02:44:34","date_gmt":"2021-02-11T05:44:34","guid":{"rendered":"https:\/\/cdpha.pro.br\/?page_id=1235"},"modified":"2021-09-06T16:05:32","modified_gmt":"2021-09-06T19:05:32","slug":"diretoria_2020-2022","status":"publish","type":"page","link":"https:\/\/cdpha.pro.br\/en\/diretoria_2020-2022\/","title":{"rendered":"Diretoria_2020-2022"},"content":{"rendered":"\n<div style=\"height:20px\" aria-hidden=\"true\" class=\"wp-block-spacer\"><\/div>\n\n\n\n<p><br><strong>Diretoria 2020-2022<\/strong><\/p>\n\n\n\n<div class=\"wp-block-columns\">\n<div class=\"wp-block-column\">\n<p><strong>Presidente:<\/strong> Regina Helena de Freitas Campos<br><strong>Vice-presidentes:<\/strong><br>Vicente Tarley Ferreira Alves (presidente da Funda\u00e7\u00e3o Helena Antipoff a partir de 04.10.2019)<br>Maria do Carmo Coutinho de Moraes (Associa\u00e7\u00e3o Pestalozzi de Minas Gerais)<br>S\u00edlvia Maria Medeiros Magalh\u00e3es (diretora da ACORDA \u2013 Associa\u00e7\u00e3o Comunit\u00e1ria do Ros\u00e1rio)<br>Filomena de F\u00e1tima Silva (presidente da ADAV \u2013 Associa\u00e7\u00e3o Milton Campos para o Desenvolvimento e Assist\u00eancia a Voca\u00e7\u00f5es de Bem Dotados)<br><strong>Diretoria T\u00e9cnica:<\/strong>Adriana Ara\u00fajo Pereira Borges<br>Adriana Otoni Silva Antunes Duarte<br>Deolinda Armani Turci<br>Sergio Faleiro Farnese<br><strong>Diretoria Administrativa:<\/strong>Christiane Campos de Araujo<br>Maria das Gra\u00e7as Ferreira Coimbra<br>Miriam Aparecida de Brito Nonato<br>Raquel Martins de Assis<br>Renata Cruz<\/p>\n<\/div>\n\n\n\n<div class=\"wp-block-column\">\n<p><strong>Diretoria Financeira:<\/strong> Carlyle dos Passos Laia<br>Luis Fl\u00e1vio Silva Couto<br>Pedro Henrique Oliveira Guimar\u00e3es<br>Cec\u00edlia Antipoff<br><strong>Conselho Fiscal:<br>Titulares<\/strong>Camila Jardim de Meira<br>Lilian Sipoli Carneiro Ca\u00f1ete<br>Maria de F\u00e1tima Pio Cassemiro<br><strong>Suplentes<\/strong>Elizabeth Coutinho de Moraes<br>Carolina Melo<br>S\u00e9rgio Domingues<br><strong>Conselho Consultivo:<\/strong>Adriana Cl\u00e1udia Drumond<br>Ana Maria Milagres Belo Francisco<br>Andr\u00e9 Morelli<br>Bernard Schneuwly<br>Bruna Cristina da Silva Hudson<br>Clarice Moukachar Batista Loureiro<br>Deborah Ros\u00e1ria Barbosa<br>Esther Augusta Nunes Barbosa<br>Laurent Gutierrez<br>Marilene Proen\u00e7a Rebelo de Souza<br>Marina Massimi<br>Marina Sorokina<br>Natalia Masolikova<br>Raquel Vianna<br>Rita Hofstetter<br>Rodrigo Lopes Miranda<br>S\u00e9rgio Dias Cirino<br><strong>Coordenadoras Regionais<\/strong>:<br>Marilene Oliveira Almeida (Universidade do Estado de Minas Gerais\/Funda\u00e7\u00e3o Helena Antipoff)<br>\u00c9rika Louren\u00e7o (Departamento de Psicologia, Universidade Federal de Minas Gerais)<\/p>\n<\/div>\n<\/div>\n","protected":false},"excerpt":{"rendered":"<p>Diretoria 2020-2022 Presidente: Regina Helena de Freitas CamposVice-presidentes:Vicente Tarley Ferreira Alves (presidente da Funda\u00e7\u00e3o Helena Antipoff a partir de 04.10.2019)Maria do Carmo Coutinho de Moraes (Associa\u00e7\u00e3o Pestalozzi de Minas Gerais)S\u00edlvia Maria Medeiros Magalh\u00e3es (diretora da ACORDA \u2013 Associa\u00e7\u00e3o Comunit\u00e1ria do Ros\u00e1rio)Filomena de F\u00e1tima Silva (presidente da ADAV \u2013 Associa\u00e7\u00e3o Milton Campos para o Desenvolvimento e&hellip;&nbsp;<a href=\"https:\/\/cdpha.pro.br\/en\/diretoria_2020-2022\/\" class=\"\" rel=\"bookmark\">Read More &raquo;<span class=\"screen-reader-text\">Diretoria_2020-2022<\/span><\/a><\/p>\n","protected":false},"author":11,"featured_media":0,"parent":0,"menu_order":0,"comment_status":"closed","ping_status":"closed","template":"","meta":{"neve_meta_sidebar":"full-width","neve_meta_container":"","neve_meta_enable_content_width":"on","neve_meta_content_width":100,"neve_meta_title_alignment":"","neve_meta_author_avatar":"","neve_post_elements_order":"","neve_meta_disable_header":"","neve_meta_disable_footer":"","neve_meta_disable_title":"on"},"_links":{"self":[{"href":"https:\/\/cdpha.pro.br\/en\/wp-json\/wp\/v2\/pages\/1235"}],"collection":[{"href":"https:\/\/cdpha.pro.br\/en\/wp-json\/wp\/v2\/pages"}],"about":[{"href":"https:\/\/cdpha.pro.br\/en\/wp-json\/wp\/v2\/types\/page"}],"author":[{"embeddable":true,"href":"https:\/\/cdpha.pro.br\/en\/wp-json\/wp\/v2\/users\/11"}],"replies":[{"embeddable":true,"href":"https:\/\/cdpha.pro.br\/en\/wp-json\/wp\/v2\/comments?post=1235"}],"version-history":[{"count":7,"href":"https:\/\/cdpha.pro.br\/en\/wp-json\/wp\/v2\/pages\/1235\/revisions"}],"predecessor-version":[{"id":1446,"href":"https:\/\/cdpha.pro.br\/en\/wp-json\/wp\/v2\/pages\/1235\/revisions\/1446"}],"wp:attachment":[{"href":"https:\/\/cdpha.pro.br\/en\/wp-json\/wp\/v2\/media?parent=1235"}],"curies":[{"name":"wp","href":"https:\/\/api.w.org\/{rel}","templated":true}]}}