{"id":175,"date":"2020-08-12T01:31:00","date_gmt":"2020-08-12T01:31:00","guid":{"rendered":"https:\/\/cdpha.pro.br\/?page_id=175"},"modified":"2024-06-28T15:45:19","modified_gmt":"2024-06-28T18:45:19","slug":"teses-e-dissertacoes","status":"publish","type":"page","link":"https:\/\/cdpha.pro.br\/en\/teses-e-dissertacoes\/","title":{"rendered":"Teses e disserta\u00e7\u00f5es"},"content":{"rendered":"<p class=\"qtranxs-available-languages-message qtranxs-available-languages-message-en\">Sorry, only available in <a href=\"https:\/\/cdpha.pro.br\/pb\/wp-json\/wp\/v2\/pages\/175\" class=\"qtranxs-available-language-link qtranxs-available-language-link-pb\" title=\"Portugu\u00eas Brasil\">Brazilian Portuguese<\/a>. For the sake of viewer convenience, the content is shown below in the alternative language. You may click the link to switch the active language.<\/p><p><\/p>\n\n\n<p><\/p>\n\n\n\n<p>GUIMAR\u00c3ES, Pedro Henrique Oliveira. Granjinhas escolares e a educa\u00e7\u00e3o como a vida: apropria\u00e7\u00f5es do m\u00e9todo de projeto na experi\u00eancia da Fazenda do Ros\u00e1rio (1957-1969). Disserta\u00e7\u00e3o de Mestrado. Belo Horizonte, Faculdade de Educa\u00e7\u00e3o, Universidade Federal de Minas Gerais, 2020<\/p>\n\n\n\n<p>FARNESE, S\u00c9RGIO FALEIRO. Fam\u00edlia e Escola: o contraponto em Helena Antipoff atrav\u00e9s da correspond\u00eancia com o filho Daniel (1929-1938). Tese de Doutorado. Belo Horizonte, Faculdade de Educa\u00e7\u00e3o, Universidade Federal de Minas Gerais, 2023<\/p>\n\n\n\n<p>SOUZA, MARIA CLEONICE MENDES DE. A CONTEMPORANEIDADE DE HELENA ANTIPOFF NA FALA DOS MENINOS E MENINAS DO SERT\u00c3O&#8217; 01\/09\/2002 211 f. Mestrado em EDUCA\u00c7\u00c3O Institui\u00e7\u00e3o de Ensino: UNIVERSIDADE FEDERAL DE MINAS GERAIS, BELO HORIZONTE Biblioteca Deposit\u00e1ria: Biblioteca da Faculdade de Educa\u00e7\u00e3o da UFMG<\/p>\n\n\n\n<p>Campan\u00e1rio, Luciana Santoro. &#8220;O estado pr\u00f3prio de todo ser vivo: a liberdade em Helena Antipoff&#8221;&#8216; 01\/12\/1999 203 f. Mestrado em PSICOLOGIA Institui\u00e7\u00e3o de Ensino: UNIVERSIDADE FEDERAL DE MINAS GERAIS, BELO HORIZONTE Biblioteca Deposit\u00e1ria: FAFICH-UFMG<\/p>\n\n\n\n<p>Louren\u00e7o, \u00c9rika. &#8220;A PSICOLOGIA DA EDUCA\u00c7\u00c3O NA OBRA DE HELENA ANTIPOFF: uma contribui\u00e7\u00e3o da historiografia da psicologia&#8221;&#8216; 01\/08\/2001 176 f. Mestrado em PSICOLOGIA Institui\u00e7\u00e3o de Ensino: UNIVERSIDADE FEDERAL DE MINAS GERAIS, BELO HORIZONTE Biblioteca Deposit\u00e1ria: FAFICH\/UFMG<\/p>\n\n\n\n<p>CRUZ, RENATA SILVA. Considera\u00e7\u00f5es sobre a hist\u00f3ria da alfabetiza\u00e7\u00e3o em Minas Gerais e a participa\u00e7\u00e3o Helena Antipoff&#8217; 23\/05\/2016 153 f. Mestrado em EDUCA\u00c7\u00c3O Institui\u00e7\u00e3o de Ensino: UNIVERSIDADE FEDERAL DE VI\u00c7OSA, Vi\u00e7osa Biblioteca Deposit\u00e1ria: Bibiblioteca Central da Universidade Federal de Vi\u00e7osa<\/p>\n\n\n\n<p>Domingues, S\u00e9rgio. O conceito de excepcional na obra de Helena Antipoff: diagn\u00f3stico, interven\u00e7\u00f5es e suas rela\u00e7\u00f5es com a Educa\u00e7\u00e3o inclusiva.&#8217; 01\/08\/2011 193 f. Mestrado em EDUCA\u00c7\u00c3O Institui\u00e7\u00e3o de Ensino: UNIVERSIDADE FEDERAL DE MINAS GERAIS, BELO HORIZONTE Biblioteca Deposit\u00e1ria: Faculdade de Educa\u00e7\u00e3o<\/p>\n\n\n\n<p>Rafante, Heulalia Charalo. Helena Antipoff, as Sociedades Pestalozzi e a Educa\u00e7\u00e3o Especial no Brasil.&#8217; 01\/02\/2011 320 f. Doutorado em EDUCA\u00c7\u00c3O Institui\u00e7\u00e3o de Ensino: UNIVERSIDADE FEDERAL DE S\u00c3O CARLOS, S\u00c3O CARLOS Biblioteca Deposit\u00e1ria: Biblioteca Digital de Teses e Disserta\u00e7\u00f5es &#8211; BCo\/UFSCar<\/p>\n\n\n\n<p>ANTIPOFF, CECILIA ANDRADE. A ESCOLA EDUC &#8211; CENTRO DE EDUCA\u00c7\u00c3O CRIADORA: UMA PROPOSTA PEDAG\u00d3GICA HUMANISTA E ECOL\u00d3GICA NO CONTEXTO DAS TRANSFORMA\u00c7\u00d5ES DA EDUCA\u00c7\u00c3O CONTEMPOR\u00c2NEA&#8217; 05\/05\/2017 299 f. Doutorado em EDUCA\u00c7\u00c3O Institui\u00e7\u00e3o de Ensino: UNIVERSIDADE FEDERAL DE MINAS GERAIS, Belo Horizonte Biblioteca Deposit\u00e1ria: Biblioteca Digital de Teses e Disserta\u00e7\u00f5es da UFMG<\/p>\n\n\n\n<p>PETERSEN, LAENIA MARTINS. A ORTOPEDIA MENTAL: contribui\u00e7\u00f5es de Helena Antipoff para a educa\u00e7\u00e3o especial&#8217; 28\/01\/2016 91 f. Mestrado em EDUCA\u00c7\u00c3O Institui\u00e7\u00e3o de Ensino: UNIVERSIDADE FEDERAL DE MINAS GERAIS, Belo Horizonte Biblioteca Deposit\u00e1ria: Biblioteca Digital de Teses e Disserta\u00e7\u00f5es da UFMG<\/p>\n\n\n\n<p>ALMEIDA, MARILENE OLIVEIRA. O ensino de arte na obra de Helena Antipoff: di\u00e1logos e colabora\u00e7\u00f5es entre a arte e a educa\u00e7\u00e3o nova&#8217; 30\/08\/2013 228 f. Mestrado em EDUCA\u00c7\u00c3O Institui\u00e7\u00e3o de Ensino: UNIVERSIDADE FEDERAL DE MINAS GERAIS, Belo Horizonte Biblioteca Deposit\u00e1ria: Biblioteca da Faculdade de Educa\u00e7\u00e3o<\/p>\n\n\n\n<p>DRUMOND, ADRIANA CLAUDIA. A Associa\u00e7\u00e3o de Pais e Amigos dos Excepcionais de Barbacena e o atendimento \u00e0s pessoas com s\u00edndrome de Down (1962-1976): di\u00e1logos com Pestalozzianos&#8217; 31\/07\/2015 194 f. Doutorado em EDUCA\u00c7\u00c3O Institui\u00e7\u00e3o de Ensino: UNIVERSIDADE FEDERAL DE MINAS GERAIS, Belo Horizonte Biblioteca Deposit\u00e1ria: Biblioteca da Faculdade de Educa\u00e7\u00e3o da UFMG<br><br>BORGES, ADRIANA ARAUJO PEREIRA. Entre tratar e educar os excepcionais: Helena Antipoff e a Psicologia da Sociedade Pestalozzi de Minas Gerais (1932-1942)&#8217; 07\/02\/2014 348 f. Doutorado em EDUCA\u00c7\u00c3O Institui\u00e7\u00e3o de Ensino: UNIVERSIDADE FEDERAL DE MINAS GERAIS, Belo Horizonte Biblioteca Deposit\u00e1ria: Biblioteca da Faculdade de Educa\u00e7\u00e3o<\/p>\n\n\n\n<p>DIAZ, BLANCA OLIVIA PARDO. A rede de sociabilidade da Escola Nova na Am\u00e9rica Latina como possibilidade para produzir, circular e apropriar conhecimentos em Educa\u00e7\u00e3o&#8217; 28\/04\/2014 239 f. Doutorado em EDUCA\u00c7\u00c3O Institui\u00e7\u00e3o de Ensino: UNIVERSIDADE FEDERAL DE MINAS GERAIS, Belo Horizonte Biblioteca Deposit\u00e1ria: Biblioteca da Faculdade de Educa\u00e7\u00e3o<\/p>\n\n\n\n<p>ROCHA, LARESSA RODRIGUES. Trajet\u00f3rias Profissionais e Educa\u00e7\u00e3o Especial: ressoar da forma\u00e7\u00e3o de professores por Helena Antipoff na voz das ex- alunas&#8217; 03\/03\/2017 undefined f. Mestrado em EDUCA\u00c7\u00c3O &#8211; CAMPUS CATAL\u00c3O Institui\u00e7\u00e3o de Ensino: UNIVERSIDADE FEDERAL DE GOI\u00c1S, Catal\u00e3o<\/p>\n\n\n\n<p>PASCOAL, VIVIANE AUGUSTA RAMOS DIAS. QUALIDADE DO ENSINO POR MEIO DA CONVERG\u00caNCIA ENTRE O APRENDIZADO SIGNIFICATIVO E A DIALOGICIDADE FREIRIANA: Estudo de caso Projeto Granjinhas Escolares da Funda\u00e7\u00e3o Helena Antipoff, no Munic\u00edpio de Ibirit\u00e9-MG&#8217; 24\/04\/2017 98 f. Mestrado Profissional em ENSINO Institui\u00e7\u00e3o de Ensino: PONTIF\u00cdCIA UNIVERSIDADE CAT\u00d3LICA DE MINAS GERAIS, Belo Horizonte Biblioteca Deposit\u00e1ria: Biblioteca Pe. Alberto Antoniazzi<\/p>\n\n\n\n<p>DUARTE, ADRIANA OTONI SILVA ANTUNES. PSICOLOGIA NA FORMA\u00c7\u00c3O DE PROFESSORES \u2013 Interliga\u00e7\u00e3o entre teoria e pr\u00e1tica nos cursos da Fazendo do Ros\u00e1rio, Ibirit\u00e9, Minas Gerais (1948 &#8211; 1974)&#8217; 21\/12\/2017 undefined f. Doutorado em EDUCA\u00c7\u00c3O Institui\u00e7\u00e3o de Ensino: UNIVERSIDADE FEDERAL DE MINAS GERAIS, Belo Horizonte Biblioteca Deposit\u00e1ria: Biblioteca Digital de Teses e Disserta\u00e7\u00f5es da UFMG<\/p>\n\n\n\n<p>CAMPOS, MARIA IMACULADA. A Educa\u00e7\u00e3o especial na rede p\u00fablica estadual de belo Horizonte: Redescobrindo Helena Antipoff&#8217; 01\/02\/1997 214 f. Mestrado em EDUCACAO Institui\u00e7\u00e3o de Ensino: UNIVERSIDADE ESTADUAL DE CAMPINAS, CAMPINAS Biblioteca Deposit\u00e1ria: Biblioteca Central da Unicamp<\/p>\n\n\n\n<p>DIAS, MARIA HELENA PEREIRA. HELENA ANTIPOFF: PENSAMENTO E ACAO PEDAGOGICA A LUZ DE UMA REFLEXAO CRITICA.&#8217; 01\/08\/1995 110 f. Mestrado em EDUCACAO Institui\u00e7\u00e3o de Ensino: UNIVERSIDADE ESTADUAL DE CAMPINAS, CAMPINAS Biblioteca Deposit\u00e1ria: undefined<\/p>\n\n\n\n<p>MELO, FLORIZA GOMIDE SALES ROSA DE. EDUCA\u00c7\u00c3O E INCLUS\u00c3O DA PESSOA COM DEFICI\u00caNCIA INTELECTUAL NO MUNDO DO TRABALHO: O CASO DOS EGRESSOS DO CENTRO DE ENSINO DE EDUCA\u00c7\u00c3O ESPECIAL HELENA ANTIPOFF&#8217; 11\/07\/2014 181 f. Mestrado em EDUCA\u00c7\u00c3O Institui\u00e7\u00e3o de Ensino: UNIVERSIDADE FEDERAL DO MARANH\u00c3O, S\u00e3o Lu\u00eds Biblioteca Deposit\u00e1ria: Biblioteca Setorial de P\u00f3s-Gradua\u00e7\u00e3o em Ci\u00eancias Sociais da UFMA<\/p>\n\n\n\n<p>Rafante, Heulalia Charalo. Helena Antipoff e o ensino na capital mineira: a Fazendo do Ros\u00e1rio e a educa\u00e7\u00e3o pelo trabalho dos meninos &#8220;excepcionais&#8221; de 1940 &#8211; 1948&#8242; 01\/09\/2006 247 f. Mestrado em EDUCA\u00c7\u00c3O Institui\u00e7\u00e3o de Ensino: UNIVERSIDADE FEDERAL DE S\u00c3O CARLOS, S\u00c3O CARLOS Biblioteca Deposit\u00e1ria: Biblioteca Comunit\u00e1ria da UFSCar<\/p>\n\n\n\n<p>Lages, Elizabeth Dias Munaier. DA EDUCA\u00c7\u00c3O RURAL \u00c0 ORGANIZA\u00c7\u00c3O SOCIAL NO CAMPO: OU CONSTRUINDO O DI\u00c1LOGO EM MEIO AO RURAL NOS TEXTOS E NAS PR\u00c1TICAS PEDAG\u00d3GICAS DESENVOLVIDAS POR HELENA ANTIPOFF E PAULO FREIRE&#8217; 01\/02\/2011 256 f. Doutorado em EDUCA\u00c7\u00c3O Institui\u00e7\u00e3o de Ensino: UNIVERSIDADE FEDERAL DE MINAS GERAIS, BELO HORIZONTE Biblioteca Deposit\u00e1ria: Biblioteca da Faculdade de Educa\u00e7\u00e3o<\/p>\n\n\n\n<p>Soares, Emanuela Mansur. Indicadores Ambientais Para Gest\u00e3o de \u00c1reas Degradadas&#8217; 01\/11\/2009 80 f. Mestrado em TURISMO E MEIO AMBIENTE Institui\u00e7\u00e3o de Ensino: CENTRO UNIVERSITARIO UNA, BELO HORIZONTE Biblioteca Deposit\u00e1ria: Centro Universit\u00e1rio UNA<\/p>\n\n\n\n<p>Pelosi, Miryam Bonadiu. &#8220;A COMUNICA\u00c7\u00c3O ALTERNATIVA E AMPLIADA NAS ECOLAS DO RIO DE JANEIRO: FORMA\u00c7\u00c3O DE PROFESSORES E CARACTERIZA\u00c7\u00c3O DOS ALUNOS COM NECESSIDADES EDUCACIONAIS&#8221;.&#8217; 01\/05\/2000 111 f. Mestrado em EDUCA\u00c7\u00c3O Institui\u00e7\u00e3o de Ensino: UNIVERSIDADE DO ESTADO DO RIO DE JANEIRO, RIO DE JANEIRO Biblioteca Deposit\u00e1ria: Universidade do Estado do Rio de Janeiro<\/p>\n\n\n\n<p>Barreiros, Vera Maria Savaget. A Vis\u00e3o do Educador de Classe Especial Sobre o Portador de Defici\u00eancia Mental e Sua Pr\u00e1tica Pedag\u00f3gica&#8217; 01\/10\/1996 152 f. Mestrado em EDUCA\u00c7\u00c3O Institui\u00e7\u00e3o de Ensino: UNIVERSIDADE DO ESTADO DO RIO DE JANEIRO, RIO DE JANEIRO Biblioteca Deposit\u00e1ria: UERJ \/ Biblioteca Nacional<\/p>\n\n\n\n<p>GOMES, MARIA CLAUDIA BOLSHAW. Anima\u00e7\u00e3o: Uma linguagem com voca\u00e7\u00e3o inclusiva&#8217; 24\/06\/2015 205 f. Doutorado em DESIGN Institui\u00e7\u00e3o de Ensino: PONTIF\u00cdCIA UNIVERSIDADE CAT\u00d3LICA DO RIO DE JANEIRO, Rio de Janeiro Biblioteca Deposit\u00e1ria: PUC-RIO<\/p>\n\n\n\n<p>Antipoff, Cec\u00edlia Andrade. Uma proposta original na educa\u00e7\u00e3o de bem-dotados: ADAV &#8211; Associa\u00e7\u00e3o Milton Campos para Desenvolvimento e Assist\u00eancia de voca\u00e7\u00f5es de Bem Dotados em sua primeira d\u00e9cada de funcionamento: 1973-1983&#8242; 01\/08\/2010 241 f. Mestrado em EDUCA\u00c7\u00c3O Institui\u00e7\u00e3o de Ensino: UNIVERSIDADE FEDERAL DE MINAS GERAIS, BELO HORIZONTE Biblioteca Deposit\u00e1ria: Faculdade de educa\u00e7\u00e3o<\/p>\n\n\n\n<p>Sardenberg, Helenice Pereira. Reprodu\u00e7\u00e3o ou constru\u00e7\u00e3o: identidades em jogo&#8217; 01\/02\/2001 101 f. Mestrado em MEM\u00d3RIA SOCIAL E DOCUMENTO Institui\u00e7\u00e3o de Ensino: UNIVERSIDADE FEDERAL DO ESTADO DO RIO DE JANEIRO, RIO DE JANEIRO Biblioteca Deposit\u00e1ria: UNIRIO<\/p>\n\n\n\n<p>CAMPOS, REGINA HELENA DE FREITAS. CONFLICTING INTERPRETATIONS OF INTELLECTUAL ABILITIES AMONG BRAZILIAN PSYCHOLOGISTS AND THEIR IMPACT ON PRIMARY SCHOOLIN (1930 &#8211; 1960).&#8217; 01\/07\/1989 322 f. Doutorado em PSICOLOGIA Institui\u00e7\u00e3o de Ensino: UNIVERSIDADE FEDERAL DE MINAS GERAIS, BELO HORIZONTE<\/p>\n\n\n\n<p>VIEIRA, RITA DE C\u00c1SSIA. O Psicologo e seu fazer na Educa\u00e7\u00e3o: contando uma outra hist\u00f3ria&#8217; 01\/03\/2008 321 f. Doutorado em EDUCA\u00c7\u00c3O Institui\u00e7\u00e3o de Ensino: UNIVERSIDADE FEDERAL DE MINAS GERAIS, BELO HORIZONTE Biblioteca Deposit\u00e1ria: Faculdade de Educa\u00e7\u00e3o<\/p>\n\n\n\n<p>SILVA, GILSENE DAURA PEREIRA DA. AS MENINAS DE HELENA: defici\u00eancia intelectual, inclus\u00e3o e mercado de trabalho em S\u00e3o Lu\u00eds&#8217; 20\/05\/2013 197 f. Mestrado em EDUCA\u00c7\u00c3O Institui\u00e7\u00e3o de Ensino: UNIVERSIDADE FEDERAL DO MARANH\u00c3O, S\u00e3o Lu\u00eds Biblioteca Deposit\u00e1ria: Biblioteca Setorial de P\u00f3s-Gradua\u00e7\u00e3o em Ci\u00eancias Sociais<\/p>\n\n\n\n<p>Pinto, Helder de Moraes. A ESCOLA NORMAL REGIONAL D. JOAQUIM SILV\u00c9RIO DE SOUZA DE DIAMANTINA E A FORMA\u00c7\u00c3O DE PROFESSORES PARA O MEIO RURAL MINEIRO:: 1950-1970.&#8217; 01\/05\/2007 199 f. Mestrado em EDUCA\u00c7\u00c3O Institui\u00e7\u00e3o de Ensino: PONTIF\u00cdCIA UNIVERSIDADE CAT\u00d3LICA DE MINAS GERAIS, Belo Horizonte Biblioteca Deposit\u00e1ria: PUC Minas<\/p>\n\n\n\n<p>Zangerolame, Fernanda Maria. MONITORAMENTO ANAL\u00d3GICO E DIGITAL DE SINAIS EL\u00c9TRICOS CEREBRAIS&#8217; 01\/09\/2009 50 f. Mestrado em TECNOLOGIA Institui\u00e7\u00e3o de Ensino: CENTRO FEDERAL DE EDUCA\u00c7\u00c3O TECN. CELSO SUCKOW DA FONSECA, RIO DE JANEIRO Biblioteca Deposit\u00e1ria: Biblioteca Central do CEFET\/RJ<\/p>\n\n\n\n<p>Andrade, Therezinha. O qu\u00ea os di\u00e1rios revelam: pr\u00e1ticas de forma\u00e7\u00e3o de professoras para a escola rural, Curso Normal Regional Sandoval Soares de Azevedo &#8211; Ibirit\u00e9, Minas Gerais, 1956-1959&#8242; 01\/10\/2006 148 f. Mestrado em EDUCA\u00c7\u00c3O Institui\u00e7\u00e3o de Ensino: PONTIF\u00cdCIA UNIVERSIDADE CAT\u00d3LICA DE MINAS GERAIS, Belo Horizonte Biblioteca Deposit\u00e1ria: PUC Minas<\/p>\n\n\n\n<p>SILVA, EMERSON CORREIA DA. AS APROPRIA\u00c7\u00d5ES E REPRESENTA\u00c7\u00d5ES DE \u00c9DOUARD CLAPAR\u00c8DE NO BRASIL (1928-1973)&#8217; 27\/03\/2013 185 f. Doutorado em EDUCA\u00c7\u00c3O Institui\u00e7\u00e3o de Ensino: UNIVERSIDADE EST.PAULISTA J\u00daLIO DE MESQUITA FILHO\/MARILIA, Mar\u00edlia Biblioteca Deposit\u00e1ria: Campus de Mar\u00edlia<\/p>\n\n\n\n<p>Cotrin, Jane Teresinha Domingues. Itiner\u00e1rios da Psicologia na Educa\u00e7\u00e3o Especial: uma leitura hist\u00f3rico-cr\u00edtica em Psicologia Escolar&#8217; 01\/05\/2010 248 f. Doutorado em PSICOLOGIA ESCOLAR E DO DESENVOLVIMENTO HUMANO Institui\u00e7\u00e3o de Ensino: UNIVERSIDADE DE S\u00c3O PAULO, S\u00e3o Paulo Biblioteca Deposit\u00e1ria: IP<\/p>\n\n\n\n<p>Alencar, Maria Jos\u00e9 de. Contribui\u00e7\u00f5es das tecnologias da informa\u00e7\u00e3o e comunica\u00e7\u00e3o para a aprendizagem dos portadores de necessidades educativas especiais&#8217; 01\/03\/2004 109 f. Mestrado em EDUCA\u00c7\u00c3O Institui\u00e7\u00e3o de Ensino: UNIVERSIDADE EST\u00c1CIO DE S\u00c1, Rio de Janeiro Biblioteca Deposit\u00e1ria: Biblioteca Setorial Mestrado<\/p>\n\n\n\n<p>Pincer, Valeska de Mello. A FORMA\u00c7\u00c3O DE PROFESSORES NOS CURSOS DE TREINAMENTO E APERFEI\u00c7OAMENTO DO INSTITUTO SUPERIOR DE EDUCA\u00c7\u00c3O RURAL &#8211; ISER &#8211; FAZENDA DO ROS\u00c1RIO: 1955-1970.&#8217; 01\/06\/2008 133 f. Mestrado em EDUCA\u00c7\u00c3O Institui\u00e7\u00e3o de Ensino: PONTIF\u00cdCIA UNIVERSIDADE CAT\u00d3LICA DE MINAS GERAIS, Belo Horizonte Biblioteca Deposit\u00e1ria: PUC Minas<\/p>\n\n\n\n<p>Lopes, Daniella Cristina Janu\u00e1rio Ribeiro. AN\u00c1LISE DA MULTIMODALIDADE EM LIVROS DID\u00c1TICOS DE BIOLOGIA E CONTRIBUI\u00c7\u00c3O PARA A PR\u00c1TICA DOCENTE&#8217; 01\/09\/2010 115 f. Profissionalizante em ENSINO Institui\u00e7\u00e3o de Ensino: PONTIF\u00cdCIA UNIVERSIDADE CAT\u00d3LICA DE MINAS GERAIS, Belo Horizonte Biblioteca Deposit\u00e1ria: PUC Minas<\/p>\n\n\n\n<p>NEVES, LEONARDO SANTOS. Sentido novo da vida rural: a forma\u00e7\u00e3o de professoras na Escola Normal Regional D. Joaquim Silv\u00e9rio de Souza (1949-1963)&#8217; 31\/07\/2015 246 f. Doutorado em EDUCA\u00c7\u00c3O Institui\u00e7\u00e3o de Ensino: UNIVERSIDADE FEDERAL DE MINAS GERAIS, Belo Horizonte Biblioteca Deposit\u00e1ria: Biblioteca da Faculdade de Educa\u00e7\u00e3o da UFMG<\/p>\n\n\n\n<p>DIAS, ALESSANDRA GERALDA SOARES. : OS DI\u00c1RIOS MANUSCRITOS DAS ALUNAS DA ESCOLA NORMAL RURAL DE CONSELHEIRO MATA, DIAMANTINA, MG &#8211; (1950-1962) &#8216; 14\/02\/2017 133 f. Mestrado Profissional em CI\u00caNCIAS HUMANAS Institui\u00e7\u00e3o de Ensino: UNIVERSIDADE FEDERAL DOS VALES DO JEQUITINHONHA E MUCURI, Diamantina Biblioteca Deposit\u00e1ria: Biblioteca UFVJM<\/p>\n\n\n\n<p>COUTINHO, KARYNE DIAS. A EMERG\u00caNCIA DA PSICOPEDAGOGIA NO BRASIL&#8217; 01\/07\/2008 219 f. Doutorado em EDUCA\u00c7\u00c3O Institui\u00e7\u00e3o de Ensino: UNIVERSIDADE FEDERAL DO RIO GRANDE DO SUL, PORTO ALEGRE Biblioteca Deposit\u00e1ria: Biblioteca Setorial de Educa\u00e7\u00e3o<\/p>\n\n\n\n<p>FAZZI, ERNANI HENRIQUE. O laborat\u00f3rio de psicologia da escola de aperfei\u00e7oamento de Belo Horizonte (1929-1946)&#8217; 01\/09\/2005 296 f. Mestrado em EDUCA\u00c7\u00c3O Institui\u00e7\u00e3o de Ensino: UNIVERSIDADE FEDERAL DE MINAS GERAIS, BELO HORIZONTE Biblioteca Deposit\u00e1ria: Biblioteca da Faculdade de Educa\u00e7\u00e3o da UFMG<\/p>\n\n\n\n<p>Gusm\u00e3o, Mar\u00edlia Maria Gandra. Comportamento infantil tido com hiperativo: sequela do mundo contempor\u00e2neo ou TDAH?&#8217; 01\/08\/2009 289 f. Mestrado em EDUCA\u00c7\u00c3O Institui\u00e7\u00e3o de Ensino: UNIVERSIDADE FEDERAL DE MINAS GERAIS, BELO HORIZONTE Biblioteca Deposit\u00e1ria: Faculdade de Educa\u00e7\u00e3o<\/p>\n\n\n\n<p>SILVA, ROBERTA APARECIDA DA. Tempos esquecidos, mem\u00f3rias record\u00e1veis: hist\u00f3rias de um curso de forma\u00e7\u00e3o para professores rurais&#8217; 20\/05\/2016 146 f. Mestrado em EDUCA\u00c7\u00c3O Institui\u00e7\u00e3o de Ensino: UNIVERSIDADE FEDERAL DE VI\u00c7OSA, Vi\u00e7osa Biblioteca Deposit\u00e1ria: Bibiblioteca Central da Universidade Federal de Vi\u00e7osa<\/p>\n\n\n\n<p>Miamoto, Cristina Batista. Altera\u00e7\u00f5es orofaciais em indiv\u00edduos com Paralisia Cerebral e S\u00edndrome de Down&#8217; 01\/12\/2009 115 f. Mestrado em CL\u00cdNICA ODONTOL\u00d3GICA Institui\u00e7\u00e3o de Ensino: UNIVERSIDADE VALE DO RIO VERDE, TR\u00caS CORA\u00c7\u00d5ES Biblioteca Deposit\u00e1ria: Biblioteca Conselheira Dra. Nair Fortes Abu-Merhy<\/p>\n\n\n\n<p>GARCIA, JEANE MENDONCA. ALTAS HABILIDADES OU SUPERDOTA\u00c7\u00c3O: An\u00e1lise para a Divulga\u00e7\u00e3o Online da Intera\u00e7\u00e3o Escola, Empresa, Universidade&#8217; 22\/12\/2017 undefined f. Mestrado Profissional em Diversidade e Inclus\u00e3o Institui\u00e7\u00e3o de Ensino: UNIVERSIDADE FEDERAL FLUMINENSE, Niter\u00f3i Biblioteca Deposit\u00e1ria: Biblioteca Central do Valonguinho (BCV)<\/p>\n\n\n\n<p>LANCA, LUA AUGUSTO DA SILVA. Livros de Psicologia recomendados para a forma\u00e7\u00e3o de professores na reforma educacional Francisco Campos-M\u00e1rio Casassanta (1927)&#8217; 24\/04\/2017 106 f. Mestrado em EDUCA\u00c7\u00c3O Institui\u00e7\u00e3o de Ensino: UNIVERSIDADE FEDERAL DE MINAS GERAIS, Belo Horizonte Biblioteca Deposit\u00e1ria: Biblioteca Digital de Teses e Disserta\u00e7\u00f5es da UFMG<\/p>\n\n\n\n<p>Pinho, Larissa Assis. Civilizar o campo: educa\u00e7\u00e3o e sa\u00fade nos Cursos de Aperfei\u00e7oamento para professores Rurais-Fazenda do Ros\u00e1rio (MInas Gerais, 1947-1956)&#8217; 01\/08\/2009 275 f. Mestrado em EDUCA\u00c7\u00c3O Institui\u00e7\u00e3o de Ensino: UNIVERSIDADE FEDERAL DE MINAS GERAIS, BELO HORIZONTE Biblioteca Deposit\u00e1ria: Faculdade de Educa\u00e7\u00e3o<\/p>\n\n\n\n<p>VAROTTO, MICHELE. A Educa\u00e7\u00e3o das Crian\u00e7as Menores de 06 anos sobre a perspectiva de Helo\u00edsa Marinho, Nazira F\u00e9res Abi-S\u00e1ber, Celina Airlie Nina e Odilon de Andrade Filho: Uma an\u00e1lise de suas Ideias Pedag\u00f3gicas (1934-1971)&#8217; 25\/08\/2015 303 f. Doutorado em EDUCA\u00c7\u00c3O Institui\u00e7\u00e3o de Ensino: UNIVERSIDADE FEDERAL DE S\u00c3O CARLOS, S\u00e3o Carlos Biblioteca Deposit\u00e1ria: Biblioteca Digital de Teses e Disserta\u00e7\u00f5es &#8211; BCo\/UFSCar<\/p>\n\n\n\n<p>Castro, Cleyde Oliveira de. Apropria\u00e7\u00e3o das Id\u00e9ias da nova escola no territ\u00f3rio do ACRE nos anos de 1940: a gest\u00e3o de Maria Ang\u00e9lica de Castro na secretaria Estadual de Educa\u00e7\u00e3o&#8217; 01\/02\/2011 239 f. Doutorado em EDUCA\u00c7\u00c3O Institui\u00e7\u00e3o de Ensino: UNIVERSIDADE FEDERAL DE MINAS GERAIS, BELO HORIZONTE Biblioteca Deposit\u00e1ria: Biblioteca da faculdade de Educa\u00e7\u00e3o<\/p>\n\n\n\n<p>ROSA, WALQUIRIA MIRANDA. Rela\u00e7\u00f5es entre pr\u00e1ticas tradicionais e pr\u00e1ticas escolares de sa\u00fade das popula\u00e7\u00f5es rurais em Minas Gerais (Ibirit\u00e9, 1940 a 1970)&#8217; 11\/02\/2015 273 f. Doutorado em EDUCA\u00c7\u00c3O Institui\u00e7\u00e3o de Ensino: UNIVERSIDADE FEDERAL DE MINAS GERAIS, Belo Horizonte Biblioteca Deposit\u00e1ria: Biblioteca da Faculdade de Educa\u00e7\u00e3o<\/p>\n\n\n<p><\/p>","protected":false},"excerpt":{"rendered":"<p>Sorry, only available in Brazilian Portuguese. For the sake of viewer convenience, the content is shown below in the alternative language. You may click the link to switch the active language. GUIMAR\u00c3ES, Pedro Henrique Oliveira. Granjinhas escolares e a educa\u00e7\u00e3o como a vida: apropria\u00e7\u00f5es do m\u00e9todo de projeto na experi\u00eancia da Fazenda do Ros\u00e1rio (1957-1969).&hellip;&nbsp;<a href=\"https:\/\/cdpha.pro.br\/en\/teses-e-dissertacoes\/\" class=\"\" rel=\"bookmark\">Read More &raquo;<span class=\"screen-reader-text\">Teses e disserta\u00e7\u00f5es<\/span><\/a><\/p>\n","protected":false},"author":3,"featured_media":0,"parent":0,"menu_order":0,"comment_status":"closed","ping_status":"closed","template":"","meta":{"neve_meta_sidebar":"","neve_meta_container":"","neve_meta_enable_content_width":"","neve_meta_content_width":0,"neve_meta_title_alignment":"","neve_meta_author_avatar":"","neve_post_elements_order":"","neve_meta_disable_header":"","neve_meta_disable_footer":"","neve_meta_disable_title":""},"_links":{"self":[{"href":"https:\/\/cdpha.pro.br\/en\/wp-json\/wp\/v2\/pages\/175"}],"collection":[{"href":"https:\/\/cdpha.pro.br\/en\/wp-json\/wp\/v2\/pages"}],"about":[{"href":"https:\/\/cdpha.pro.br\/en\/wp-json\/wp\/v2\/types\/page"}],"author":[{"embeddable":true,"href":"https:\/\/cdpha.pro.br\/en\/wp-json\/wp\/v2\/users\/3"}],"replies":[{"embeddable":true,"href":"https:\/\/cdpha.pro.br\/en\/wp-json\/wp\/v2\/comments?post=175"}],"version-history":[{"count":1,"href":"https:\/\/cdpha.pro.br\/en\/wp-json\/wp\/v2\/pages\/175\/revisions"}],"predecessor-version":[{"id":2150,"href":"https:\/\/cdpha.pro.br\/en\/wp-json\/wp\/v2\/pages\/175\/revisions\/2150"}],"wp:attachment":[{"href":"https:\/\/cdpha.pro.br\/en\/wp-json\/wp\/v2\/media?parent=175"}],"curies":[{"name":"wp","href":"https:\/\/api.w.org\/{rel}","templated":true}]}}