{"id":819,"date":"2020-09-23T03:13:38","date_gmt":"2020-09-23T06:13:38","guid":{"rendered":"https:\/\/cdpha.pro.br\/?page_id=819"},"modified":"2020-09-23T03:13:40","modified_gmt":"2020-09-23T06:13:40","slug":"diretoria_2011-2013","status":"publish","type":"page","link":"https:\/\/cdpha.pro.br\/en\/diretoria_2011-2013\/","title":{"rendered":"Diretoria_2011-2013"},"content":{"rendered":"\n<div style=\"height:20px\" aria-hidden=\"true\" class=\"wp-block-spacer\"><\/div>\n\n\n\n<div class=\"wp-block-columns\">\n<div class=\"wp-block-column\">\n<p><strong>Diretoria 2011-2013<\/strong><br><br><strong>Presidente de honra<\/strong>: Ott\u00edlia Braga Antipoff<br><strong>Presidente<\/strong>: Regina Helena de Freitas Campos<br><strong>Vice-presidentes<\/strong>:<br>Irene de Melo Pinheiro (Funda\u00e7\u00e3o Helena Antipoff)<br>Maria do Carmo Coutinho de Moraes (Associa\u00e7\u00e3o Pestalozzi de Minas Gerais)<br>S\u00edlvia Maria Medeiros Magalh\u00e3es (ACORDA \u2013 Associa\u00e7\u00e3o Comunit\u00e1ria do Ros\u00e1rio)<br>Filomena de F\u00e1tima Silva (ADAV \u2013 Associa\u00e7\u00e3o Milton Campos para o Desenvolvimento e Assist\u00eancia a Voca\u00e7\u00f5es de Bem Dotados)<br><strong>Diretoria t\u00e9cnica<\/strong>:<br>Adriana Ara\u00fajo Pereira Borges<br>Alzira Maria Quiroga Mendoza<br>Romilda Oliveira Alves<br>Priscila Augusta Lima<br>Taciana Braga Souza<br>S\u00e9rgio Dias Cirino<br><strong>Diretoria administrativa<\/strong>:<br>\u00c9rika Louren\u00e7o<br>Maria das Gra\u00e7as Ferreira Coimbra<br>Marilene Oliveira Almeida<br><strong>Diretoria financeira:<\/strong><br>Doralice Almeida Campos<br>Fernanda Flaviana de Souza Martins<br>Maria das Gra\u00e7as Silva Teixeira<\/p>\n<\/div>\n\n\n\n<div class=\"wp-block-column\">\n<p><br><br><strong>Conselho fiscal<\/strong>:<br><strong>Titulares<\/strong><br>Cec\u00edlia Andrade Antipoff<br>Maria Mello Garcia<br>S\u00f4nia Vieira Coelho<br><strong>Suplentes<\/strong><br>Elizabeth Coutinho de Moraes<br>Elizabeth Munaier Lages<br><strong>Conselho consultivo:<\/strong><br>Maria do Carmo Coutinho de Morais<br>Magda Salete Silva Reis<br>Rita de C\u00e1ssia Vieira<br>S\u00e9rgio Domingues<br>S\u00e9rgio Faleiro Farnese<br><strong>Coordenadores regionais<\/strong>:<br>Olinda Terezinha da Silva Caetano (Funda\u00e7\u00e3o Helena Antipoff)<br>Raquel Martins de Assis (Universidade Federal de Minas Gerais)<\/p>\n<\/div>\n<\/div>\n","protected":false},"excerpt":{"rendered":"<p>Diretoria 2011-2013 Presidente de honra: Ott\u00edlia Braga AntipoffPresidente: Regina Helena de Freitas CamposVice-presidentes:Irene de Melo Pinheiro (Funda\u00e7\u00e3o Helena Antipoff)Maria do Carmo Coutinho de Moraes (Associa\u00e7\u00e3o Pestalozzi de Minas Gerais)S\u00edlvia Maria Medeiros Magalh\u00e3es (ACORDA \u2013 Associa\u00e7\u00e3o Comunit\u00e1ria do Ros\u00e1rio)Filomena de F\u00e1tima Silva (ADAV \u2013 Associa\u00e7\u00e3o Milton Campos para o Desenvolvimento e Assist\u00eancia a Voca\u00e7\u00f5es de Bem&hellip;&nbsp;<a href=\"https:\/\/cdpha.pro.br\/en\/diretoria_2011-2013\/\" class=\"\" rel=\"bookmark\">Read More &raquo;<span class=\"screen-reader-text\">Diretoria_2011-2013<\/span><\/a><\/p>\n","protected":false},"author":2,"featured_media":0,"parent":0,"menu_order":0,"comment_status":"closed","ping_status":"closed","template":"","meta":{"neve_meta_sidebar":"full-width","neve_meta_container":"","neve_meta_enable_content_width":"on","neve_meta_content_width":100,"neve_meta_title_alignment":"","neve_meta_author_avatar":"","neve_post_elements_order":"","neve_meta_disable_header":"","neve_meta_disable_footer":"","neve_meta_disable_title":"on"},"_links":{"self":[{"href":"https:\/\/cdpha.pro.br\/en\/wp-json\/wp\/v2\/pages\/819"}],"collection":[{"href":"https:\/\/cdpha.pro.br\/en\/wp-json\/wp\/v2\/pages"}],"about":[{"href":"https:\/\/cdpha.pro.br\/en\/wp-json\/wp\/v2\/types\/page"}],"author":[{"embeddable":true,"href":"https:\/\/cdpha.pro.br\/en\/wp-json\/wp\/v2\/users\/2"}],"replies":[{"embeddable":true,"href":"https:\/\/cdpha.pro.br\/en\/wp-json\/wp\/v2\/comments?post=819"}],"version-history":[{"count":0,"href":"https:\/\/cdpha.pro.br\/en\/wp-json\/wp\/v2\/pages\/819\/revisions"}],"wp:attachment":[{"href":"https:\/\/cdpha.pro.br\/en\/wp-json\/wp\/v2\/media?parent=819"}],"curies":[{"name":"wp","href":"https:\/\/api.w.org\/{rel}","templated":true}]}}