{"id":825,"date":"2020-09-23T03:40:35","date_gmt":"2020-09-23T06:40:35","guid":{"rendered":"https:\/\/cdpha.pro.br\/?page_id=825"},"modified":"2020-09-23T10:43:58","modified_gmt":"2020-09-23T13:43:58","slug":"diretorias_anteriores","status":"publish","type":"page","link":"https:\/\/cdpha.pro.br\/en\/diretorias_anteriores\/","title":{"rendered":"Diretorias_Anteriores"},"content":{"rendered":"\n<div class=\"wp-block-columns\">\n<div class=\"wp-block-column\">\n<p><\/p>\n\n\n\n<p><strong>2009-2011<\/strong><br><strong>Presidente de Honra:\u00a0<\/strong>Ott\u00edlia Braga Antipoff<br><strong>Presidente:\u00a0<\/strong>Regina Helena de Freitas Campos<br><strong>Vice-presidentes<\/strong>:<br>Irene de Melo Pinheiro (Funda\u00e7\u00e3o Helena Antipoff)<br>Celso Furtado de Azevedo (Associa\u00e7\u00e3o Pestalozzi de Minas Gerais)<br>Demetreos Navaes Naves (ADAV)<br>Leda Maris da Costa (ACORDA)<br><strong>Diretoria T\u00e9cnica<\/strong>:<br>Adriana Ara\u00fajo Pereira Borges<br>Alzira Maria Quiroga Mendoza<br>Maria Therezinha Nunes<br>Priscila Augusta Lima<br>S\u00e9rgio Dias Cirino<br><strong>Diretoria Administrativa<\/strong>:<br>\u00c9rika Louren\u00e7o<br>Rog\u00e9rio de Alvarenga<br><strong>Diretoria Financeira<\/strong>:<br>Doralice Almeida Campos de Ara\u00fajo<br>Ernani Henrique Fazzi<br>Maria das Gra\u00e7as Silva Teixeira<br><strong>Conselho Fiscal<\/strong>:<br><strong>Titulares<\/strong><br>\u00c2ngelo Filomeno Palhares Leite<br>Cec\u00edlia Andrade Antipoff<br>Maria Melo Garcia<\/p>\n<\/div>\n\n\n\n<div class=\"wp-block-column\">\n<p><\/p>\n\n\n\n<p><strong>Suplentes<\/strong><br>Elizabeth Coutinho de Moraes<br>Elizabeth Dias Munaier Lages<br><strong>Conselho Consultivo<\/strong>:<br>Adilson Dumont<br>Maria do Carmo Coutinho de Moraes<br>Magda Salete Silva Reis<br>Regina C\u00e9lia Pereira Campos<br>S\u00e9rgio Domingues<br>Neide de Oliveira Magalh\u00e3es<br>S\u00e9rgio Faleiro Farnese<br><strong>Coordenadores Regionais<\/strong><br>Olinda Terezinha da Silva Caetano (Funda\u00e7\u00e3o Helena Antipoff)<br>Raquel Martins de Assis (Universidade Federal de Minas Gerais)<\/p>\n<\/div>\n<\/div>\n\n\n\n<div class=\"wp-block-columns\">\n<div class=\"wp-block-column\">\n<p><strong>2007-2009<\/strong><br><strong>Presidente de honra:\u00a0<\/strong>Ott\u00edlia Braga Antipoff<br><strong>Presidente:<\/strong>\u00a0Regina Helena de Freitas Campos<br><strong>Vice-presidentes:<\/strong><br>Irene de Melo Pinheiro (Funda\u00e7\u00e3o Helena Antipoff)<br>L\u00facio Assump\u00e7\u00e3o (Sociedade Pestalozzi)<br>Leda Maria da Costa (ACORDA)<br>Demetreos Navaes Neves (ADAV)<br><strong>Diretoria T\u00e9cnica:<\/strong><br>Maria Therezinha Nunes<br>Priscila Augusta Lima<br>S\u00e9rgio Dias Cirino<br>Terezinha Andrade<br>Diretoria Administrativa:<br>\u00c9rika Louren\u00e7o<br>Rog\u00e9rio Alvarenga<br><strong>Diretoria Financeira:<\/strong><br>Doralice Almeida Campos de Ara\u00fajo<br>Ernani Henrique Fazzi<br>Maria das Gra\u00e7as Teixeira<\/p>\n<\/div>\n\n\n\n<div class=\"wp-block-column\">\n<p><strong>Conselho Fiscal:<br>Efetivos<\/strong><br>Jacqueline Rodrigues de Oliveira<br>Maria do Carmo Coutinho de Moraes<br>Maria Melo<br><strong>Suplente<\/strong><br>Elizabeth Coutinho de Moraes<br>Elizabeth Munaier<br><strong>Conselho Consultivo:<br>Efetivos<\/strong><br>Adilson Dumont<br>Maria Auxiliadora Galinari Nascimento<br>M\u00e1rio L\u00facio Moreira<br>Regina C\u00e9lia Pereira Campos<br>S\u00e9rgio Domingues<br>S\u00e9rgio Faleiro Farnese<br><strong>Coordenadores regionais:<\/strong><br>Olinda Terezinha da Silva Caetano (Funda\u00e7\u00e3o Helena Antipoff)<br>Raquel Martins de Assis (UFMG)<\/p>\n<\/div>\n<\/div>\n\n\n\n<div class=\"wp-block-columns\">\n<div class=\"wp-block-column\">\n<p><strong>2005-2007<br>Presidente de honra:<\/strong>\u00a0Ott\u00edlia Braga Antipoff<br><strong>Presidente<\/strong>: Regina Helena de Freitas Campos<br><strong>Vice-presidentes:<\/strong><br>Irene de Melo Pinheiro (Funda\u00e7\u00e3o Helena Antipoff)<br>L\u00facio Assump\u00e7\u00e3o (Sociedade Pestalozzi)<br>Demetreos Navaes Neves (ADAV)<br>Maria Carmem Ximenes (ACORDA)<br><strong>Diretoria T\u00e9cnica:<\/strong><br>Maria Therezinha Nunes<br>Priscila Augusta Lima<br>S\u00e9rgio Dias Cirino<br>Terezinha Andrade<br><strong>Diretoria Administrativa:<\/strong><br>Denise Maria Nepomuceno<br>\u00c9rika Louren\u00e7o<br>Olinda Terezinha da Silva Caetano<br>Rog\u00e9rio Alvarenga<br><strong>Diretoria Financeira:<\/strong><br>Doralice Almeida Campos de Ara\u00fajo<br>Ernani Henrique Fazzi<br>Maria das Gra\u00e7as Teixeira<\/p>\n<\/div>\n\n\n\n<div class=\"wp-block-column\">\n<p><strong>Conselho Fiscal:<br>Efetivos<\/strong><br>Jacqueline Rodrigues de Oliveira<br>Maria do Carmo Coutinho de Moraes<br>Maria Melo<br><strong>Suplente<\/strong><br>Elizabeth Coutinho de Moraes<br>Elizabeth Munaier<br><strong>Conselho Consultivo:<\/strong><br>Adilson Dumont<br>Maria Auxiliadora Galinari Nascimento<br>M\u00e1rio L\u00facio Moreira<br>Regina C\u00e9lia Pereira Campos<br>S\u00e9rgio Domingues<br>S\u00e9rgio Faleiro Farnese<br><strong>Coordenadores regionais:<\/strong><br>Lenita de Ara\u00fajo Chaves (Funda\u00e7\u00e3o Helena Antipoff)<br>Raquel Martins de Assis (UFMG)<\/p>\n<\/div>\n<\/div>\n\n\n\n<div class=\"wp-block-columns\">\n<div class=\"wp-block-column\">\n<p><strong>2002-2004<br>Presidente de honra:<\/strong>\u00a0Daniel Antipoff<br>P<strong>residente:\u00a0<\/strong>Regina Helena de Freitas Campos<br><strong>Vice-presidentes:<\/strong><br>L\u00facia Assump\u00e7\u00e3o (Sociedade Pestalozzi)<br>Irene de Melo Pinheiro (Funda\u00e7\u00e3o Helena Antipoff)<br>Marcelo Campos (ACORDA)<br>Waldemar Servilha (ADAV)<br><strong>Diretoria T\u00e9cnica:<\/strong><br>Ott\u00edlia Braga Antipoff<br>S\u00e9rgio Dias Cirino<br>Terezinha Andrade<br><strong>Diretoria Administrativa:<\/strong><br>Carla Andrea Teixeira Dias Camargo<br>Denise Maria Nepomuceno<br>\u00c9rika Louren\u00e7o<br>Rog\u00e9rio Alvarenga<br><strong>Diretoria Financeira:<\/strong><br>Doralice Almeida Campos de Ara\u00fajo<br>Ernani Henrique Fazzi<br>Teresinha Nunes<\/p>\n<\/div>\n\n\n\n<div class=\"wp-block-column\">\n<p><strong>Conselho Fiscal:<\/strong><br><strong>Efetivos<\/strong><br>Jacqueline Rodrigues de Oliveira<br>Maria do Carmo Coutinho de Moraes<br>Maria Melo<br><strong>Suplentes<\/strong><br>Leda Maria da Costa<br>Elizabeth Coutinho de Moraes<br>Elizabeth Munaier<br><strong>Conselho Consultivo:<br>Efetivos<\/strong><br>Adilson Dumont<br>Maria das Gra\u00e7as Teixeira<br>M\u00e1rio L\u00facio Moreira<br>S\u00e9rgio Faleiro Farnese<br><strong>Suplentes<\/strong><br>Edson Luiz de Oliveira Preto<br>Emerson Barbosa de Arruda<br>Maria Auxiliadora Galinari Nascimento<br>Raquel Godoi Malta<br><strong>Coordenadores regionais:<\/strong><br>Lenita de Ara\u00fajo Chaves (Funda\u00e7\u00e3o Helena Antipoff)<br>Raquel Martins de Assis (UFMG)<\/p>\n<\/div>\n<\/div>\n\n\n\n<div class=\"wp-block-columns\">\n<div class=\"wp-block-column\">\n<p><strong>2000-2002<br>Presidente de honra:<\/strong>\u00a0Daniel Antipoff<br>Presidente: Regina Helena de Freitas Campos<br><strong>Vice-presidentes:<\/strong><br>Romeu Bastos Braga<br>Irene de Melo Pinheiro<br><strong>Diretoria T\u00e9cnica:<\/strong><br>Ott\u00edlia Braga Antipoff<br>Elza Kremilda Abranches Batista<br>C\u00e9sar Quint\u00e3o Fr\u00f3es<br><strong>Diretoria Administrativa:<\/strong><br>Rog\u00e9rio Alvarenga<br>\u00c9rika Louren\u00e7o<br>Lenita de Ara\u00fajo Chaves<br><strong>Diretoria Financeira:<\/strong><br>Jos\u00e9 Pimentel Barbosa<br>Benedita de Paula Rodrigues<br>Jos\u00e9 Martins de Morais<\/p>\n<\/div>\n\n\n\n<div class=\"wp-block-column\">\n<p><strong>Conselho Fiscal:<\/strong><br><strong>Efetivos<\/strong><br>Tarc[isio de Paula Cardoso<br>Maira Armanelli<br>Elza de Moura<br><strong>Suplentes<\/strong><br>\u00c2ngela Crosara<br>Ala\u00edde de Melo Tibo<br>Arlete Vieira Machado Rocha<br><strong>Conselho Consultivo:<\/strong><br><strong>Efetivos<\/strong><br>Juliana Gontijo Aun<br>Farley da Silva Santana<br>Maria Auxiliadora Nascimento<br><strong>Suplentes<\/strong><br>S\u00e9rgio Faleiro Farnese<br>Ely \u00c1vila<br>Jo\u00e3o Rodrigues de Andrade<br>Eunice de Souza Lima Puhler<\/p>\n<\/div>\n<\/div>\n\n\n\n<div class=\"wp-block-columns\">\n<div class=\"wp-block-column\">\n<p><strong>1998-2000<\/strong><br><strong>Presidente:\u00a0<\/strong>Daniel Antipoff<br><strong>Vice-presidentes:<\/strong><br>Romeu Bastos Braga (Sociedade Pestalozzi)<br>Marilene de Castro Andr\u00e9 Reis (Funda\u00e7\u00e3o Helena Antipoff)<br>H\u00e9lio Dur\u00e3es de Alkimin (ADAV \u2013 Associa\u00e7\u00e3o Milton Campos para Superdotados)<br>Ott\u00edlia Braga Antipoff (ABSD-MG \u2013 Associa\u00e7\u00e3o Brasileira para Super Dotados)<br><strong>Diretoria T\u00e9cnica:<\/strong><br>Regina Helena de Freitas Campos<br>Zenita Cunha Guenter<br>Tarc\u00edsio de Paula Cardoso<br><strong>Diretoria Administrativa:<\/strong><br>Rog\u00e9rio de Alvarenga<br>Olga Coelho Ullmann<br>Ivone Cabral<br><strong>Diretoria Financeira:<\/strong><br>Benedita de Paula Rodrigues<br>Elza de Moura<br>Vicente de Paula Torres<\/p>\n<\/div>\n\n\n\n<div class=\"wp-block-column\">\n<p><strong>Conselho Consultivo:<\/strong><br>Maria do Carmo Coutinho de Moraes<br>Helena Dias Carneiro<br>Elza Kriemilda A. Batista<br>Sarah Couto C\u00e9sar<br>S\u00e9rgio Faleiro Farnese<br>Simone Fomm Rivera<br>Hede Maria de Carvalho Pinto Coelho<br>Francisco dos Santos Lopes<br>Maria Therezinha Guerra<br>Eunice de Souza Puhler<br>In\u00eas Maria Lima<br><strong>Conselho Fiscal:<\/strong><br><strong>Titulares<\/strong><br>Jos\u00e9 Martins de Moraes<br>Jos\u00e9 Pimentel Barbosa<br>Elzio Fonseca Dolabela<br><strong>Suplentes<\/strong><br>Arist\u00f3teles \u00c1vila<br>Ala\u00edde de Melo Tibo<br>Esmeralda Concei\u00e7\u00e3o de Oliveira<\/p>\n<\/div>\n<\/div>\n\n\n\n<div class=\"wp-block-columns\">\n<div class=\"wp-block-column\">\n<p><strong>1996-1998<br>Presidente:<\/strong>\u00a0Daniel Antipoff<br><strong>Vice-presidentes:<\/strong><br>Romeu Bastos Braga (Sociedade Pestalozzi)<br>Marilene de Castro Andr\u00e9 Reis (Funda\u00e7\u00e3o Helena Antipoff)<br>H\u00e9lio Dur\u00e3es de Alkimin (ADAV)<br>Ott\u00edlia Braga Antipoff (ABSD-MG)<br><strong>Diretoria T\u00e9cnica:<\/strong><br>Regina Helena de Freitas Campos<br>Zenita Cunha Guenter<br>Tarc\u00edsio de Paula Cardoso<br><strong>Diretoria Administrativa:<\/strong><br>Rog\u00e9rio de Alvarenga<br>Olga Coelho Ullmann<br>Ivone Cabral<br><strong>Diretoria Financeira:<\/strong><br>Benedita de Paula Rodrigues<br>Elza de Moura<br>Vicente de Paula Torres<br><\/p>\n<\/div>\n\n\n\n<div class=\"wp-block-column\">\n<p><strong>Conselho Consultivo:<\/strong><br>Maria do Carmo Coutinho de Moraes<br>Helena Dias Carneiro<br>Elza Kriemilda A. Batista<br>Sarah Couto C\u00e9sar<br>S\u00e9rgio Faleiro Farnese<br>Simone Fomm Rivera<br>Hede Maria de Carvalho Pinto Coelho<br>Francisco dos Santos Lopes<br>Maria Therezinha Guerra<br>Eunice de Souza Puhler<br>In\u00eas Maria Lima<br><strong>Conselho Fiscal:<br>Titulares<\/strong><br>Jos\u00e9 Martins de Moraes<br>Jos\u00e9 Pimentel Barbosa<br>Elzio Fonseca Dolabela<br><strong>Suplentes<\/strong><br>Arist\u00f3teles \u00c1vila<br>Ala\u00edde de Melo Tibo<br>Esmeralda Concei\u00e7\u00e3o de Oliveira<\/p>\n<\/div>\n<\/div>\n\n\n\n<div class=\"wp-block-columns\">\n<div class=\"wp-block-column\">\n<p><strong>1994-1996<\/strong><br><strong>Presidente de Honra<\/strong>: Jo\u00e3o Franzen de Lima<br><strong>Presidente<\/strong>: Daniel Antipoff<br><strong>Vice-presidentes<\/strong>:<br>H\u00e9lio Alkimin<br>Jo\u00e3o Rodrigues<br>Marilene Andr\u00e9 de Castro Reis<br>Ol\u00edvia Pereira<br>Sagy Machado Cury<br><strong>Diretoria T\u00e9cnica<\/strong>:<br>Ott\u00edlia Braga Antipoff<br>Maria In\u00eas Salgado de Souza<br>Regina Helena de Freitas Campos<br><strong>Diretoria Administrativa<\/strong>:<br>Maria Therezinha Guerra<br>Benedita de Paula Rodrigues<br>In\u00eas Maria Lima<br><strong>Diretoria Financeira<\/strong>:<br>Ondina Carvalho<br>Tarc\u00edsio de Paula Cardoso<br>Zuleica da Silva<br><strong>Conselho Fiscal<\/strong>:<br><strong>Titulares<\/strong><br>Arist\u00f3teles \u00c1vila<br>Ivone Cabral<br>Fraussi Hetti<br><strong>Suplentes<\/strong><br>Francisco Lopes<br>Ivan Vianna<br>Vicentina de Carvalho<\/p>\n<\/div>\n\n\n\n<div class=\"wp-block-column\">\n<p><strong>Conselho Consultivo<\/strong><br><strong>Rio de Janeiro<\/strong>:<br>Celso Gon\u00e7alves da Rocha<br>Esmeralda da Concei\u00e7\u00e3o Oliveira<br>Gast\u00e3o Ant\u00f4nio Cosatti<br>Lizair de Moraes Guarino<br>Zo\u00e9 Noronha Chagas Freitas<br>Sarah Couto C\u00e9sar<br><strong>Minas Gerais:<\/strong><br>Elza Kriemilda Batista<br>Hede de Carvalho Pinto Coelho<br>Elza de Moura<br>Juliana Gontijo Aun<br>Maria Alves Teixeira<br>Maria de F\u00e1tima Pio Cassemiro<br>Maria do Carmo Coutinho<br>Rosely Carlos Augusto<br>S\u00e9rgio Farnese<br>Vicente de Oliveira Torres<br>Olga Coelho Ullmann<br>Zenita Cunha Guenter<\/p>\n<\/div>\n<\/div>\n\n\n\n<div class=\"wp-block-columns\">\n<div class=\"wp-block-column\">\n<p><strong>1992-1994<\/strong><br><strong>Presidente<\/strong>: Daniel Antipoff<br><strong>Vice-presidentes<\/strong>:<br>Sagy Machado Cury (Sociedade Pestalozzi de Minas Gerais)<br>Ol\u00edvia da Silva Pereira (Sociedade Pestalozzi do Brasil)<br>Sandoval Soares de Azevedo Filho<br>Jo\u00e3o Rodrigues de Andrade<br>Fernando L. Ferreira<br><strong>Diretoria T\u00e9cnica<\/strong>:<br>Ott\u00edlia Braga Antipoff<br>H\u00e9lio Dur\u00e3es Alkimin<br>Elza Kriemilda Abranches Batista<br><strong>Diretoria Administrativa<\/strong>:<br>Elza de Moura<br>Tarc\u00edsio Cardoso<br>Leda Maria Costa<\/p>\n<\/div>\n\n\n\n<div class=\"wp-block-column\">\n<p><strong>Diretoria Financeira<\/strong>:<br>Ana Maria Marinho Pinto<br>Elzio Dolabela<br>Ivone Cabral<br><strong>Conselho Fiscal<\/strong>:<br><strong>Titulares<\/strong><br>Olga Coelho Ullmann<br>Benedita de Paula Rodrigues<br>Maria Therezinha Guerra<br><strong>Suplentes<\/strong><br>Benedita Antunes Emmermacher<br>Maria Alves Teixeira<br>Arlete Vieira Machado<\/p>\n<\/div>\n<\/div>\n\n\n\n<div class=\"wp-block-columns\">\n<div class=\"wp-block-column\">\n<p><strong>1990-1992<\/strong><br><strong>Presidente<\/strong>: Daniel Antipoff<br><strong>Vice-presidentes<\/strong>:<br>Sagy Machado Cury<br>Ol\u00edvia da Silva Pereira<br>Sandoval Soares de Azevedo Filho<br>Jo\u00e3o Rodrigues de Andrade<br>Fernando L. Ferreira<br><strong>Diretoria T\u00e9cnica<\/strong>:<br>Ott\u00edlia Braga Antipoff<br>H\u00e9lio Dur\u00e3es Alkimin<br>Elza Kriemilda Abranches Batista<\/p>\n<\/div>\n\n\n\n<div class=\"wp-block-column\">\n<p><strong>Diretoria Administrativa<\/strong>:<br>Elza de Moura<br>Tarc\u00edsio Cardoso<br>Leda Maria Costa<br><strong>Diretoria Financeira<\/strong>:<br>Ana Maria Marinho Pinto<br>Elzio Dolabela<br>Ivone Cabral<br><strong>Conselho Fiscal<\/strong>:<br><strong>Titulares<\/strong><br>Olga Coelho Ullmann<br>Benedita de Paula Rodrigues<br>Maria Therezinha Guerra<br><strong>Suplentes<\/strong><br>Benedita Antunes Emmermacher<br>Maria Alves Teixeira<br>Arlete Vieira Machado<\/p>\n<\/div>\n<\/div>\n\n\n\n<div class=\"wp-block-columns\">\n<div class=\"wp-block-column\">\n<p><strong>1989-1990<br>Presidente de Honra:<\/strong>\u00a0Maria L\u00facia Cardoso<br><strong>Presidente<\/strong>: Daniel Antipoff<br><strong>Vice-presidentes:<\/strong><br>Wilson Chaves<br>Sagy Machado Curi<br>Jo\u00e3o Rodrigues de Andrade<br>Helena Dias Carneiro<br><strong>Diretoria T\u00e9cnica:<\/strong><br>H\u00e9lio Dur\u00e3es de Alkimin<br>Ott\u00edlia Braga Antipoff<br>Elza Kriemilda Abranches Batista<br><strong>Diretoria Administrativa:<\/strong><br>Elza de Moura<br>\u00c9lzio Dolabela<br>Tarc\u00edsio Cardoso<\/p>\n<\/div>\n\n\n\n<div class=\"wp-block-column\">\n<p><strong>Diretoria Financeira:<\/strong><br>Ana Maria Marinho Pinto<br>Leda Maria da Costa<br>Ivone Cabral<br><strong>Coordenadoria Regional do Rio de Janeiro:<\/strong><br>Ol\u00edvia da Silva Pereira<br><strong>Conselho Fiscal:<\/strong><br><strong>Titulares<\/strong><br>Ivan Martins Vianna<br>Olga Coelho Ullmann<br>Benedita Antunes Emmermacher<br><strong>Suplentes<\/strong><br>Arlete Vieira Machado<br>Maria Alves Teixeira<br>Bernadete Mendes Capelle<\/p>\n<\/div>\n<\/div>\n\n\n\n<div class=\"wp-block-columns\">\n<div class=\"wp-block-column\">\n<p><strong>1987-1988<br>Presidente:<\/strong>\u00a0Daniel Antipoff<br><strong>Vice-presidente:<\/strong><br>Irene de Melo Pinheiro (Funda\u00e7\u00e3o Helena Antipoff)<br><strong>Diretoria T\u00e9cnica:<\/strong><br>H\u00e9lio Alkimin<br>Ott\u00edlia Braga Antipoff<br>Elza Kriemilda Batista<\/p>\n<\/div>\n\n\n\n<div class=\"wp-block-column\">\n<p><strong>Diretoria Administrativa:<\/strong><br>Maria Terezinha Guerra<br>Benedita de Paula Rodrigues<br>Elza de Moura<br><strong>Diretoria Financeira:<\/strong><br>Ana Maria Marinho Pinto<br>Leda Maria da Costa<br>Arlete Vieira Rocha<br>Ivone Cabral<br><strong>Coordenadoria Regional do Rio de Janeiro:<\/strong><br>Helena Dias Carneiro<br>Wanda Pires de S\u00e1<\/p>\n<\/div>\n<\/div>\n\n\n\n<div class=\"wp-block-columns\">\n<div class=\"wp-block-column\">\n<p><strong>1985-1986<br>Presidente:<\/strong>\u00a0Daniel Antipoff<br><strong>Vice-presidente:<\/strong>\u00a0Irene de Melo Pinheiro (Funda\u00e7\u00e3o Helena Antipoff)<br><strong>Diretoria T\u00e9cnica:<\/strong><br>H\u00e9lio Alkimin<br>Ott\u00edlia Braga Antipoff<br>Elza Kriemilda Batista<br><strong>Diretoria Administrativa:<\/strong><br>Maria Terezinha Guerra<br>Benedita de Paula Rodrigues<br>Elza de Moura<\/p>\n<\/div>\n\n\n\n<div class=\"wp-block-column\">\n<p><strong>Diretoria Financeira:<\/strong><br>Ana Maria Marinho Pinto<br>Leda Maria da Costa<br>Arlete Vieira Rocha<br>Ivone Cabral<br><strong>Coordenadoria Regional do Rio de Janeiro:<\/strong><br>Helena Dias Carneiro<br>Wanda Pires de S\u00e1<\/p>\n<\/div>\n<\/div>\n\n\n\n<div class=\"wp-block-columns\">\n<div class=\"wp-block-column\">\n<p><strong>1983-1984<\/strong><br><strong>Presidente de Honra:<\/strong>\u00a0Helena Antipoff\u00a0<em>(in memorian<\/em>)<br><strong>Presidente:<\/strong>\u00a0Daniel Antipoff<br><strong>Vice-presidentes:<\/strong><br>Irene de Melo Pinheiro (Funda\u00e7\u00e3o Helena Antipoff)<br>Archimedes Pereira Guimar\u00e3es<br>Ruy de Castro Magalh\u00e3es<br>Bernardete Mendes Capelle<br>Luiz G. Januzzi<br><strong>Diretoria T\u00e9cnica:<\/strong><br>H\u00e9lio Duraes de Alkimin<br>Ott\u00edlia Braga Antipoff<br>Elza Kriemilda A. Batista<br><strong>Diretoria Administrativa:<\/strong><br>Maria Therezinha Guerra<br>Benedita de Paula Rodrigues<br>Elza de Moura<br><strong>Diretoria Financeira:<\/strong><br>Arlete Vieira Machado Rocha<br>Jos\u00e9 Martins de Moraes<br>Leda Maria da Costa<br><strong>Coordenadorias T\u00e9cnicas Regionais:<\/strong><br>Rio de Janeiro: Helena Dias Carneiro<br>S\u00e3o Paulo: Renata Rocha Arag\u00e3o Silveira<br>Bahia: Elizabeth Chaves Velloso<br>Rio Grande do Sul: Jurema Lopes<br>Paran\u00e1: Maria de Lourdes Canziani<br>Bras\u00edlia: L\u00facia Alencastro Valentim<\/p>\n<\/div>\n\n\n\n<div class=\"wp-block-column\">\n<p><strong>Conselho Fiscal:<\/strong><br><strong>Titulares<\/strong><br>Agnelo Correa Vianna<br>Ivan Martins Viana<br>Maria do Carmo Coutinho<br><strong>Suplentes<\/strong><br>Aurea Nardelli<br>Benedita Gomes Emmermacher<br>Maria Augusta Cunha Francisco<br><strong>Conselho Consultivo:<\/strong><br>Lizair Guerreiro<br>Ademar Carvalho Barbosa<br>Ala\u00edde Lisboa de Oliveira<br>Augusto Rodrigues<br>Elisa Dias Veloso<br>Esmeralda C. de Oliveira<br>Halley Alves Bessa<br>H\u00e9lio de Almeida Brum<br>Irene Lustosa<br>Ivone Cabral<br>Jo\u00e3o Franzen de Lima<br>Jos\u00e9 de Alencar Rogedo<br>Lea Valverde<br>Leopoldina Netto<br>Manoel Jos\u00e9 de Almeida<br>Nirce da Silva Martins<br>Olga Coelho Ullmann<br>Ol\u00edvia da Silva Pereira<br>Rosza Vel Zoladz<br>Sarah Couto Cesar<br>Simone Fomm Rivera<br>Vicente Torres<br>Virginia Valli<br>Zenita Cunha Guenther<br>Zoe Chagas Freitas<\/p>\n<\/div>\n<\/div>\n\n\n\n<div class=\"wp-block-columns\">\n<div class=\"wp-block-column\">\n<p><strong>1980-1981<\/strong><br><strong>S\u00f3cios Fundadores do CDPHA (25\/03\/1980)<\/strong><br><strong>Presidente de Honra:<\/strong><br>Sra. Latife Haddad dos Santos<br>Sra. Zo\u00e9 Noronha Chagas Freitas<br><strong>Presidente:<\/strong>Daniel I. Antipoff<br><strong>Vice-presidentes:<\/strong><br>Dr. Jo\u00e3o Franzen de Lima<br>Dr. Jos\u00e9 de Alencar Rogedo<br>Dr. Ademar de Carvalho Barbosa<br>Prof.<sup>a<\/sup>\u00a0Maria Bernardete Mendes Capelli<br>D. Cordelia de Moraes Vital<br><strong>Diretoria T\u00e9cnica<\/strong>:<br>Prof.<sup>a<\/sup>\u00a0Ottilia Braga Antipoff<br>Dr. Helio Dur\u00e3es de Alkimim<br>Prof.<sup>a\u00a0<\/sup>Irene de Melo Pinheiro<br><strong>Diretoria Administrativa<\/strong>:<br>Prof.<sup>a\u00a0<\/sup>Maria Terezinha Guerra<br>Prof.<sup>a<\/sup>\u00a0Elza de Moura<br>Prof.<sup>a<\/sup>\u00a0Benedita de Paula Rodrigues<br><strong>Diretoria Financeira<\/strong>:<br>Prof.<sup>a<\/sup>\u00a0Benedita de Paula Rodrigues<br>Sr. Jos\u00e9 Martins de Moraes<br>Prof.<sup>a<\/sup>\u00a0Ivone Cabral<\/p>\n<\/div>\n\n\n\n<div class=\"wp-block-column\">\n<p><strong>Coordenadorias T\u00e9cnicas Regionais:<\/strong><br>Prof.<sup>a<\/sup>\u00a0Helena Dias Carneiro<br>Prof.<sup>a<\/sup>\u00a0Renata Rocha Arag\u00e3o Silveira<br>Prof.<sup>a<\/sup>\u00a0Jurema Lopes<br>Prof.<sup>a<\/sup>\u00a0L\u00facia Alencastro Valentim<br>Prof.<sup>a<\/sup>\u00a0Elizabeth Chaves Velloso<br><strong>Conselho Fiscal:<\/strong><br><strong>Titulares<\/strong><br>Dr. Paulo Campos Guimar\u00e3es<br>Prof.<sup>a<\/sup>\u00a0Benedita Gomes Emmermacher<br>Prof.<sup>a<\/sup>\u00a0Aurea Nardelli<br><strong>Suplentes<\/strong><br>Prof.<sup>a<\/sup>\u00a0Maria do Carmo Coutinho de Moraes<br>Sra. Maria Gomes de Almeida<br>Prof.<sup>a\u00a0<\/sup>Delzita Dias<br><strong>Conselho Consultivo:<\/strong><br>Prof.<sup>a<\/sup>\u00a0Lizair Guarino Guerrero (Presidente)<br>Arlinda Correa Lima<br>Arquimedes Pereira Guimar\u00e3es<br>Augusto Rodrigues<br>Elisa Dias Veloso<br>Elza Kriemilda Batista<br>Esmeralda C. de Oliveira<br>Ester Fran\u00e7a<br>Halley Alves Bessa<br>Helio de Almeida Brum<br>Irene Lustosa<br>Lea Valverde<br>Leopoldina Neto<br>Magda Pimenta<br>Maria Alves Teixeira<br>Nirce da Silva Martins<br>Olga Coelho Ullmann<br>Ol\u00edvia Pereira<br>Pierre G. Weil<br>Rosza Vel Zoladz<br>Sarah Couto Cesar<br>Silvanio Jos\u00e9 de Ara\u00fajo<br>Simone Fomm Rivera<br>Vicente Torres<br>Virgilio Costa<br>Virginia Souza Netto<br>Zenita Cunha Guenther<\/p>\n<\/div>\n<\/div>\n","protected":false},"excerpt":{"rendered":"<p>2009-2011Presidente de Honra:\u00a0Ott\u00edlia Braga AntipoffPresidente:\u00a0Regina Helena de Freitas CamposVice-presidentes:Irene de Melo Pinheiro (Funda\u00e7\u00e3o Helena Antipoff)Celso Furtado de Azevedo (Associa\u00e7\u00e3o Pestalozzi de Minas Gerais)Demetreos Navaes Naves (ADAV)Leda Maris da Costa (ACORDA)Diretoria T\u00e9cnica:Adriana Ara\u00fajo Pereira BorgesAlzira Maria Quiroga MendozaMaria Therezinha NunesPriscila Augusta LimaS\u00e9rgio Dias CirinoDiretoria Administrativa:\u00c9rika Louren\u00e7oRog\u00e9rio de AlvarengaDiretoria Financeira:Doralice Almeida Campos de Ara\u00fajoErnani Henrique FazziMaria das&hellip;&nbsp;<a href=\"https:\/\/cdpha.pro.br\/en\/diretorias_anteriores\/\" class=\"\" rel=\"bookmark\">Read More &raquo;<span class=\"screen-reader-text\">Diretorias_Anteriores<\/span><\/a><\/p>\n","protected":false},"author":2,"featured_media":0,"parent":0,"menu_order":0,"comment_status":"closed","ping_status":"closed","template":"","meta":{"neve_meta_sidebar":"full-width","neve_meta_container":"","neve_meta_enable_content_width":"on","neve_meta_content_width":100,"neve_meta_title_alignment":"","neve_meta_author_avatar":"","neve_post_elements_order":"","neve_meta_disable_header":"","neve_meta_disable_footer":"","neve_meta_disable_title":"on"},"_links":{"self":[{"href":"https:\/\/cdpha.pro.br\/en\/wp-json\/wp\/v2\/pages\/825"}],"collection":[{"href":"https:\/\/cdpha.pro.br\/en\/wp-json\/wp\/v2\/pages"}],"about":[{"href":"https:\/\/cdpha.pro.br\/en\/wp-json\/wp\/v2\/types\/page"}],"author":[{"embeddable":true,"href":"https:\/\/cdpha.pro.br\/en\/wp-json\/wp\/v2\/users\/2"}],"replies":[{"embeddable":true,"href":"https:\/\/cdpha.pro.br\/en\/wp-json\/wp\/v2\/comments?post=825"}],"version-history":[{"count":0,"href":"https:\/\/cdpha.pro.br\/en\/wp-json\/wp\/v2\/pages\/825\/revisions"}],"wp:attachment":[{"href":"https:\/\/cdpha.pro.br\/en\/wp-json\/wp\/v2\/media?parent=825"}],"curies":[{"name":"wp","href":"https:\/\/api.w.org\/{rel}","templated":true}]}}